{"id":766,"date":"2025-09-09T04:46:42","date_gmt":"2025-09-09T04:46:42","guid":{"rendered":"https:\/\/videoteca.svpediatria.org\/?page_id=766"},"modified":"2026-01-23T16:10:47","modified_gmt":"2026-01-23T16:10:47","slug":"neumonologia","status":"publish","type":"page","link":"https:\/\/videoteca.svpediatria.org\/?page_id=766","title":{"rendered":"Neumonolog\u00eda"},"content":{"rendered":"\t\t<div data-elementor-type=\"wp-page\" data-elementor-id=\"766\" class=\"elementor elementor-766\">\n\t\t\t\t<div class=\"elementor-element elementor-element-d331b89 e-flex e-con-boxed e-con e-parent\" data-id=\"d331b89\" data-element_type=\"container\" data-e-type=\"container\">\n\t\t\t\t\t<div class=\"e-con-inner\">\n\t\t<div class=\"elementor-element elementor-element-8f1051e e-grid e-con-full e-con e-child\" data-id=\"8f1051e\" data-element_type=\"container\" data-e-type=\"container\">\n\t\t\t\t<div class=\"elementor-element elementor-element-ffceb5b elementor-widget elementor-widget-image\" data-id=\"ffceb5b\" data-element_type=\"widget\" data-e-type=\"widget\" data-widget_type=\"image.default\">\n\t\t\t\t\t\t\t\t\t\t\t\t\t\t\t\t<a href=\"https:\/\/videoteca.svpediatria.org\/?page_id=624\">\n\t\t\t\t\t\t\t<img fetchpriority=\"high\" decoding=\"async\" width=\"300\" height=\"171\" src=\"https:\/\/videoteca.svpediatria.org\/wp-content\/uploads\/2025\/08\/1-300x171.jpg\" class=\"attachment-medium size-medium wp-image-704\" alt=\"\" srcset=\"https:\/\/videoteca.svpediatria.org\/wp-content\/uploads\/2025\/08\/1-300x171.jpg 300w, https:\/\/videoteca.svpediatria.org\/wp-content\/uploads\/2025\/08\/1.jpg 700w\" sizes=\"(max-width: 300px) 100vw, 300px\" \/>\t\t\t\t\t\t\t\t<\/a>\n\t\t\t\t\t\t\t\t\t\t\t\t\t\t\t<\/div>\n\t\t\t\t<\/div>\n\t\t\t\t\t<\/div>\n\t\t\t\t<\/div>\n\t\t<div class=\"elementor-element elementor-element-b6ab4c4 e-grid e-con-boxed e-con e-parent\" data-id=\"b6ab4c4\" data-element_type=\"container\" data-e-type=\"container\">\n\t\t\t\t\t<div class=\"e-con-inner\">\n\t\t\t\t<div class=\"elementor-element elementor-element-564e232 elementor-widget elementor-widget-text-editor\" data-id=\"564e232\" data-element_type=\"widget\" data-e-type=\"widget\" data-widget_type=\"text-editor.default\">\n\t\t\t\t\t\t\t\t\t<h1 style=\"text-align: center;\"><img decoding=\"async\" class=\"wp-image-757 aligncenter\" src=\"https:\/\/videoteca.svpediatria.org\/wp-content\/uploads\/2025\/09\/neumo-295x300.png\" alt=\"\" width=\"130\" height=\"133\" srcset=\"https:\/\/videoteca.svpediatria.org\/wp-content\/uploads\/2025\/09\/neumo-295x300.png 295w, https:\/\/videoteca.svpediatria.org\/wp-content\/uploads\/2025\/09\/neumo-1008x1024.png 1008w, https:\/\/videoteca.svpediatria.org\/wp-content\/uploads\/2025\/09\/neumo-768x780.png 768w, https:\/\/videoteca.svpediatria.org\/wp-content\/uploads\/2025\/09\/neumo-1513x1536.png 1513w, https:\/\/videoteca.svpediatria.org\/wp-content\/uploads\/2025\/09\/neumo-2017x2048.png 2017w\" sizes=\"(max-width: 130px) 100vw, 130px\" \/><span style=\"color: #68c4e3;\">\u00a0 \u00a0Neumonolog\u00eda<\/span><\/h1>\t\t\t\t\t\t\t\t<\/div>\n\t\t\t\t\t<\/div>\n\t\t\t\t<\/div>\n\t\t<div class=\"elementor-element elementor-element-5b364ee e-flex e-con-boxed e-con e-parent\" data-id=\"5b364ee\" data-element_type=\"container\" data-e-type=\"container\">\n\t\t\t\t\t<div class=\"e-con-inner\">\n\t\t<div class=\"elementor-element elementor-element-abe77b5 e-con-full e-flex e-con e-child\" data-id=\"abe77b5\" data-element_type=\"container\" data-e-type=\"container\">\n\t\t\t\t<div class=\"elementor-element elementor-element-3dcd939 elementor-widget elementor-widget-n-accordion\" data-id=\"3dcd939\" data-element_type=\"widget\" data-e-type=\"widget\" data-settings=\"{&quot;default_state&quot;:&quot;all_collapsed&quot;,&quot;max_items_expended&quot;:&quot;one&quot;,&quot;n_accordion_animation_duration&quot;:{&quot;unit&quot;:&quot;ms&quot;,&quot;size&quot;:400,&quot;sizes&quot;:[]}}\" data-widget_type=\"nested-accordion.default\">\n\t\t\t\t\t\t\t<div class=\"e-n-accordion\" aria-label=\"Accordion. Open links with Enter or Space, close with Escape, and navigate with Arrow Keys\">\n\t\t\t\t\t\t<details id=\"e-n-accordion-item-6480\" class=\"e-n-accordion-item\" >\n\t\t\t\t<summary class=\"e-n-accordion-item-title\" data-accordion-index=\"1\" tabindex=\"0\" aria-expanded=\"false\" aria-controls=\"e-n-accordion-item-6480\" >\n\t\t\t\t\t<span class='e-n-accordion-item-title-header'><div class=\"e-n-accordion-item-title-text\"> Bronquiolitis Aguda <\/div><\/span>\n\t\t\t\t\t\t\t<span class='e-n-accordion-item-title-icon'>\n\t\t\t<span class='e-opened' ><svg aria-hidden=\"true\" class=\"e-font-icon-svg e-fas-minus\" viewBox=\"0 0 448 512\" xmlns=\"http:\/\/www.w3.org\/2000\/svg\"><path d=\"M416 208H32c-17.67 0-32 14.33-32 32v32c0 17.67 14.33 32 32 32h384c17.67 0 32-14.33 32-32v-32c0-17.67-14.33-32-32-32z\"><\/path><\/svg><\/span>\n\t\t\t<span class='e-closed'><svg aria-hidden=\"true\" class=\"e-font-icon-svg e-fas-file-medical\" viewBox=\"0 0 384 512\" xmlns=\"http:\/\/www.w3.org\/2000\/svg\"><path d=\"M377 105L279.1 7c-4.5-4.5-10.6-7-17-7H256v128h128v-6.1c0-6.3-2.5-12.4-7-16.9zm-153 31V0H24C10.7 0 0 10.7 0 24v464c0 13.3 10.7 24 24 24h336c13.3 0 24-10.7 24-24V160H248c-13.2 0-24-10.8-24-24zm64 160v48c0 4.4-3.6 8-8 8h-56v56c0 4.4-3.6 8-8 8h-48c-4.4 0-8-3.6-8-8v-56h-56c-4.4 0-8-3.6-8-8v-48c0-4.4 3.6-8 8-8h56v-56c0-4.4 3.6-8 8-8h48c4.4 0 8 3.6 8 8v56h56c4.4 0 8 3.6 8 8z\"><\/path><\/svg><\/span>\n\t\t<\/span>\n\n\t\t\t\t\t\t<\/summary>\n\t\t\t\t<div role=\"region\" aria-labelledby=\"e-n-accordion-item-6480\" class=\"elementor-element elementor-element-d1fa368 e-con-full e-flex e-con e-child\" data-id=\"d1fa368\" data-element_type=\"container\" data-e-type=\"container\">\n\t\t<div role=\"region\" aria-labelledby=\"e-n-accordion-item-6480\" class=\"elementor-element elementor-element-c560105 e-flex e-con-boxed e-con e-child\" data-id=\"c560105\" data-element_type=\"container\" data-e-type=\"container\">\n\t\t\t\t\t<div class=\"e-con-inner\">\n\t\t\t\t<div class=\"elementor-element elementor-element-72f490c elementor-widget elementor-widget-image\" data-id=\"72f490c\" data-element_type=\"widget\" data-e-type=\"widget\" data-widget_type=\"image.default\">\n\t\t\t\t\t\t\t\t\t\t\t\t\t\t\t\t<a href=\"https:\/\/videoteca.svpediatria.org\/wp-content\/uploads\/2025\/08\/BronquiolitisAguda.jpg\" data-elementor-open-lightbox=\"yes\" data-elementor-lightbox-title=\"BronquiolitisAguda\" data-e-action-hash=\"#elementor-action%3Aaction%3Dlightbox%26settings%3DeyJpZCI6NjMyLCJ1cmwiOiJodHRwczpcL1wvdmlkZW90ZWNhLnN2cGVkaWF0cmlhLm9yZ1wvd3AtY29udGVudFwvdXBsb2Fkc1wvMjAyNVwvMDhcL0Jyb25xdWlvbGl0aXNBZ3VkYS5qcGcifQ%3D%3D\">\n\t\t\t\t\t\t\t<img decoding=\"async\" width=\"700\" height=\"400\" src=\"https:\/\/videoteca.svpediatria.org\/wp-content\/uploads\/2025\/08\/BronquiolitisAguda.jpg\" class=\"attachment-large size-large wp-image-632\" alt=\"\" srcset=\"https:\/\/videoteca.svpediatria.org\/wp-content\/uploads\/2025\/08\/BronquiolitisAguda.jpg 700w, https:\/\/videoteca.svpediatria.org\/wp-content\/uploads\/2025\/08\/BronquiolitisAguda-300x171.jpg 300w\" sizes=\"(max-width: 700px) 100vw, 700px\" \/>\t\t\t\t\t\t\t\t<\/a>\n\t\t\t\t\t\t\t\t\t\t\t\t\t\t\t<\/div>\n\t\t<div role=\"region\" aria-labelledby=\"e-n-accordion-item-6480\" class=\"elementor-element elementor-element-89d9247 e-con-full e-flex e-con e-child\" data-id=\"89d9247\" data-element_type=\"container\" data-e-type=\"container\">\n\t\t\t\t<div class=\"elementor-element elementor-element-08d5efe e-n-tabs-mobile elementor-widget elementor-widget-n-tabs\" data-id=\"08d5efe\" data-element_type=\"widget\" data-e-type=\"widget\" data-settings=\"{&quot;horizontal_scroll&quot;:&quot;disable&quot;}\" data-widget_type=\"nested-tabs.default\">\n\t\t\t\t\t\t\t<div class=\"e-n-tabs\" data-widget-number=\"9264894\" aria-label=\"Pesta\u00f1as. Abre elementos con Intro o Espacio, ci\u00e9rralos con Escape y navega con las fechas.\">\n\t\t\t<div class=\"e-n-tabs-heading\" role=\"tablist\">\n\t\t\t\t\t<button id=\"e-n-tab-title-92648941\" data-tab-title-id=\"e-n-tab-title-92648941\" class=\"e-n-tab-title\" aria-selected=\"true\" data-tab-index=\"1\" role=\"tab\" tabindex=\"0\" aria-controls=\"e-n-tab-content-92648941\" style=\"--n-tabs-title-order: 1;\">\n\t\t\t\t\t\t<span class=\"e-n-tab-title-text\">\n\t\t\t\tA\t\t\t<\/span>\n\t\t<\/button>\n\t\t\t\t<button id=\"e-n-tab-title-92648942\" data-tab-title-id=\"e-n-tab-title-92648942\" class=\"e-n-tab-title\" aria-selected=\"false\" data-tab-index=\"2\" role=\"tab\" tabindex=\"-1\" aria-controls=\"e-n-tab-content-92648942\" style=\"--n-tabs-title-order: 2;\">\n\t\t\t\t\t\t<span class=\"e-n-tab-title-text\">\n\t\t\t\tB\t\t\t<\/span>\n\t\t<\/button>\n\t\t\t\t<button id=\"e-n-tab-title-92648943\" data-tab-title-id=\"e-n-tab-title-92648943\" class=\"e-n-tab-title\" aria-selected=\"false\" data-tab-index=\"3\" role=\"tab\" tabindex=\"-1\" aria-controls=\"e-n-tab-content-92648943\" style=\"--n-tabs-title-order: 3;\">\n\t\t\t\t\t\t<span class=\"e-n-tab-title-text\">\n\t\t\t\tC\t\t\t<\/span>\n\t\t<\/button>\n\t\t\t\t<button id=\"e-n-tab-title-92648944\" data-tab-title-id=\"e-n-tab-title-92648944\" class=\"e-n-tab-title\" aria-selected=\"false\" data-tab-index=\"4\" role=\"tab\" tabindex=\"-1\" aria-controls=\"e-n-tab-content-92648944\" style=\"--n-tabs-title-order: 4;\">\n\t\t\t\t\t\t<span class=\"e-n-tab-title-text\">\n\t\t\t\tD\t\t\t<\/span>\n\t\t<\/button>\n\t\t\t\t<button id=\"e-n-tab-title-92648945\" data-tab-title-id=\"e-n-tab-title-92648945\" class=\"e-n-tab-title\" aria-selected=\"false\" data-tab-index=\"5\" role=\"tab\" tabindex=\"-1\" aria-controls=\"e-n-tab-content-92648945\" style=\"--n-tabs-title-order: 5;\">\n\t\t\t\t\t\t<span class=\"e-n-tab-title-text\">\n\t\t\t\tE\t\t\t<\/span>\n\t\t<\/button>\n\t\t\t\t<button id=\"e-n-tab-title-92648946\" data-tab-title-id=\"e-n-tab-title-92648946\" class=\"e-n-tab-title\" aria-selected=\"false\" data-tab-index=\"6\" role=\"tab\" tabindex=\"-1\" aria-controls=\"e-n-tab-content-92648946\" style=\"--n-tabs-title-order: 6;\">\n\t\t\t\t\t\t<span class=\"e-n-tab-title-text\">\n\t\t\t\tF\t\t\t<\/span>\n\t\t<\/button>\n\t\t\t\t<button id=\"e-n-tab-title-92648947\" data-tab-title-id=\"e-n-tab-title-92648947\" class=\"e-n-tab-title\" aria-selected=\"false\" data-tab-index=\"7\" role=\"tab\" tabindex=\"-1\" aria-controls=\"e-n-tab-content-92648947\" style=\"--n-tabs-title-order: 7;\">\n\t\t\t\t\t\t<span class=\"e-n-tab-title-text\">\n\t\t\t\tG\t\t\t<\/span>\n\t\t<\/button>\n\t\t\t\t<button id=\"e-n-tab-title-92648948\" data-tab-title-id=\"e-n-tab-title-92648948\" class=\"e-n-tab-title\" aria-selected=\"false\" data-tab-index=\"8\" role=\"tab\" tabindex=\"-1\" aria-controls=\"e-n-tab-content-92648948\" style=\"--n-tabs-title-order: 8;\">\n\t\t\t\t\t\t<span class=\"e-n-tab-title-text\">\n\t\t\t\tH\t\t\t<\/span>\n\t\t<\/button>\n\t\t\t\t<button id=\"e-n-tab-title-92648949\" data-tab-title-id=\"e-n-tab-title-92648949\" class=\"e-n-tab-title\" aria-selected=\"false\" data-tab-index=\"9\" role=\"tab\" tabindex=\"-1\" aria-controls=\"e-n-tab-content-92648949\" style=\"--n-tabs-title-order: 9;\">\n\t\t\t\t\t\t<span class=\"e-n-tab-title-text\">\n\t\t\t\tI\t\t\t<\/span>\n\t\t<\/button>\n\t\t\t\t<button id=\"e-n-tab-title-926489410\" data-tab-title-id=\"e-n-tab-title-926489410\" class=\"e-n-tab-title\" aria-selected=\"false\" data-tab-index=\"10\" role=\"tab\" tabindex=\"-1\" aria-controls=\"e-n-tab-content-926489410\" style=\"--n-tabs-title-order: 10;\">\n\t\t\t\t\t<span class=\"e-n-tab-icon\">\n\t\t\t<svg aria-hidden=\"true\" class=\"e-font-icon-svg e-fas-user-edit\" viewBox=\"0 0 640 512\" xmlns=\"http:\/\/www.w3.org\/2000\/svg\"><path d=\"M224 256c70.7 0 128-57.3 128-128S294.7 0 224 0 96 57.3 96 128s57.3 128 128 128zm89.6 32h-16.7c-22.2 10.2-46.9 16-72.9 16s-50.6-5.8-72.9-16h-16.7C60.2 288 0 348.2 0 422.4V464c0 26.5 21.5 48 48 48h274.9c-2.4-6.8-3.4-14-2.6-21.3l6.8-60.9 1.2-11.1 7.9-7.9 77.3-77.3c-24.5-27.7-60-45.5-99.9-45.5zm45.3 145.3l-6.8 61c-1.1 10.2 7.5 18.8 17.6 17.6l60.9-6.8 137.9-137.9-71.7-71.7-137.9 137.8zM633 268.9L595.1 231c-9.3-9.3-24.5-9.3-33.8 0l-37.8 37.8-4.1 4.1 71.8 71.7 41.8-41.8c9.3-9.4 9.3-24.5 0-33.9z\"><\/path><\/svg>\t\t\t<svg aria-hidden=\"true\" class=\"e-font-icon-svg e-fas-user-edit\" viewBox=\"0 0 640 512\" xmlns=\"http:\/\/www.w3.org\/2000\/svg\"><path d=\"M224 256c70.7 0 128-57.3 128-128S294.7 0 224 0 96 57.3 96 128s57.3 128 128 128zm89.6 32h-16.7c-22.2 10.2-46.9 16-72.9 16s-50.6-5.8-72.9-16h-16.7C60.2 288 0 348.2 0 422.4V464c0 26.5 21.5 48 48 48h274.9c-2.4-6.8-3.4-14-2.6-21.3l6.8-60.9 1.2-11.1 7.9-7.9 77.3-77.3c-24.5-27.7-60-45.5-99.9-45.5zm45.3 145.3l-6.8 61c-1.1 10.2 7.5 18.8 17.6 17.6l60.9-6.8 137.9-137.9-71.7-71.7-137.9 137.8zM633 268.9L595.1 231c-9.3-9.3-24.5-9.3-33.8 0l-37.8 37.8-4.1 4.1 71.8 71.7 41.8-41.8c9.3-9.4 9.3-24.5 0-33.9z\"><\/path><\/svg>\t\t<\/span>\n\t\t\t\t\t<span class=\"e-n-tab-title-text\">\n\t\t\t\tAutores\t\t\t<\/span>\n\t\t<\/button>\n\t\t\t\t<button id=\"e-n-tab-title-926489411\" data-tab-title-id=\"e-n-tab-title-926489411\" class=\"e-n-tab-title\" aria-selected=\"false\" data-tab-index=\"11\" role=\"tab\" tabindex=\"-1\" aria-controls=\"e-n-tab-content-926489411\" style=\"--n-tabs-title-order: 11;\">\n\t\t\t\t\t<span class=\"e-n-tab-icon\">\n\t\t\t<svg aria-hidden=\"true\" class=\"e-font-icon-svg e-fas-book\" viewBox=\"0 0 448 512\" xmlns=\"http:\/\/www.w3.org\/2000\/svg\"><path d=\"M448 360V24c0-13.3-10.7-24-24-24H96C43 0 0 43 0 96v320c0 53 43 96 96 96h328c13.3 0 24-10.7 24-24v-16c0-7.5-3.5-14.3-8.9-18.7-4.2-15.4-4.2-59.3 0-74.7 5.4-4.3 8.9-11.1 8.9-18.6zM128 134c0-3.3 2.7-6 6-6h212c3.3 0 6 2.7 6 6v20c0 3.3-2.7 6-6 6H134c-3.3 0-6-2.7-6-6v-20zm0 64c0-3.3 2.7-6 6-6h212c3.3 0 6 2.7 6 6v20c0 3.3-2.7 6-6 6H134c-3.3 0-6-2.7-6-6v-20zm253.4 250H96c-17.7 0-32-14.3-32-32 0-17.6 14.4-32 32-32h285.4c-1.9 17.1-1.9 46.9 0 64z\"><\/path><\/svg>\t\t\t<svg aria-hidden=\"true\" class=\"e-font-icon-svg e-fas-book\" viewBox=\"0 0 448 512\" xmlns=\"http:\/\/www.w3.org\/2000\/svg\"><path d=\"M448 360V24c0-13.3-10.7-24-24-24H96C43 0 0 43 0 96v320c0 53 43 96 96 96h328c13.3 0 24-10.7 24-24v-16c0-7.5-3.5-14.3-8.9-18.7-4.2-15.4-4.2-59.3 0-74.7 5.4-4.3 8.9-11.1 8.9-18.6zM128 134c0-3.3 2.7-6 6-6h212c3.3 0 6 2.7 6 6v20c0 3.3-2.7 6-6 6H134c-3.3 0-6-2.7-6-6v-20zm0 64c0-3.3 2.7-6 6-6h212c3.3 0 6 2.7 6 6v20c0 3.3-2.7 6-6 6H134c-3.3 0-6-2.7-6-6v-20zm253.4 250H96c-17.7 0-32-14.3-32-32 0-17.6 14.4-32 32-32h285.4c-1.9 17.1-1.9 46.9 0 64z\"><\/path><\/svg>\t\t<\/span>\n\t\t\t\t\t<span class=\"e-n-tab-title-text\">\n\t\t\t\tBibliograf\u00eda\t\t\t<\/span>\n\t\t<\/button>\n\t\t\t\t<button id=\"e-n-tab-title-926489412\" data-tab-title-id=\"e-n-tab-title-926489412\" class=\"e-n-tab-title\" aria-selected=\"false\" data-tab-index=\"12\" role=\"tab\" tabindex=\"-1\" aria-controls=\"e-n-tab-content-926489412\" style=\"--n-tabs-title-order: 12;\">\n\t\t\t\t\t<span class=\"e-n-tab-icon\">\n\t\t\t<svg aria-hidden=\"true\" class=\"e-font-icon-svg e-fas-file-download\" viewBox=\"0 0 384 512\" xmlns=\"http:\/\/www.w3.org\/2000\/svg\"><path d=\"M224 136V0H24C10.7 0 0 10.7 0 24v464c0 13.3 10.7 24 24 24h336c13.3 0 24-10.7 24-24V160H248c-13.2 0-24-10.8-24-24zm76.45 211.36l-96.42 95.7c-6.65 6.61-17.39 6.61-24.04 0l-96.42-95.7C73.42 337.29 80.54 320 94.82 320H160v-80c0-8.84 7.16-16 16-16h32c8.84 0 16 7.16 16 16v80h65.18c14.28 0 21.4 17.29 11.27 27.36zM377 105L279.1 7c-4.5-4.5-10.6-7-17-7H256v128h128v-6.1c0-6.3-2.5-12.4-7-16.9z\"><\/path><\/svg>\t\t\t<svg aria-hidden=\"true\" class=\"e-font-icon-svg e-fas-file-download\" viewBox=\"0 0 384 512\" xmlns=\"http:\/\/www.w3.org\/2000\/svg\"><path d=\"M224 136V0H24C10.7 0 0 10.7 0 24v464c0 13.3 10.7 24 24 24h336c13.3 0 24-10.7 24-24V160H248c-13.2 0-24-10.8-24-24zm76.45 211.36l-96.42 95.7c-6.65 6.61-17.39 6.61-24.04 0l-96.42-95.7C73.42 337.29 80.54 320 94.82 320H160v-80c0-8.84 7.16-16 16-16h32c8.84 0 16 7.16 16 16v80h65.18c14.28 0 21.4 17.29 11.27 27.36zM377 105L279.1 7c-4.5-4.5-10.6-7-17-7H256v128h128v-6.1c0-6.3-2.5-12.4-7-16.9z\"><\/path><\/svg>\t\t<\/span>\n\t\t\t\t\t<span class=\"e-n-tab-title-text\">\n\t\t\t\tDescargar Gu\u00eda\t\t\t<\/span>\n\t\t<\/button>\n\t\t\t\t\t<\/div>\n\t\t\t<div class=\"e-n-tabs-content\">\n\t\t\t\t<div role=\"region tabpanel\" aria-labelledby=\"e-n-accordion-item-6480 e-n-tab-title-92648941\" id=\"e-n-tab-content-92648941\" data-tab-index=\"1\" style=\"--n-tabs-title-order: 1;\" class=\"e-active elementor-element elementor-element-f81828f e-con-full e-grid e-con e-child\" data-id=\"f81828f\" data-element_type=\"container\" data-e-type=\"container\" data-settings=\"{&quot;background_background&quot;:&quot;classic&quot;}\">\n\t\t<div role=\"region\" aria-labelledby=\"e-n-accordion-item-6480\" class=\"elementor-element elementor-element-fe70ac1 e-con-full e-flex e-con e-child\" data-id=\"fe70ac1\" data-element_type=\"container\" data-e-type=\"container\">\n\t\t<div role=\"region\" aria-labelledby=\"e-n-accordion-item-6480\" class=\"elementor-element elementor-element-faca1bf e-con-full e-flex e-con e-child\" data-id=\"faca1bf\" data-element_type=\"container\" data-e-type=\"container\">\n\t\t\t\t<div class=\"elementor-element elementor-element-24f7984 elementor-widget elementor-widget-text-editor\" data-id=\"24f7984\" data-element_type=\"widget\" data-e-type=\"widget\" data-widget_type=\"text-editor.default\">\n\t\t\t\t\t\t\t\t\t<p><span style=\"color: #338fff;\"><strong>Definici\u00f3n<\/strong><\/span><\/p><p>Es la inflamaci\u00f3n aguda de las v\u00edas a\u00e9reas inferiores, de origen viral, que se presenta en ni\u00f1os menores de 2 a\u00f1os como primer episodio o en forma recurrente, caracterizada por taquipnea, sibilancias y\/o crepitantes con o sin fiebre, cuya evoluci\u00f3n cl\u00ednica depende del agente etiol\u00f3gico, caracter\u00edsticas gen\u00e9ticas y variabilidad en la respuesta terap\u00e9utica dependiente del virus implicado.<\/p>\t\t\t\t\t\t\t\t<\/div>\n\t\t\t\t<div class=\"elementor-element elementor-element-22e605f elementor-widget elementor-widget-text-editor\" data-id=\"22e605f\" data-element_type=\"widget\" data-e-type=\"widget\" data-widget_type=\"text-editor.default\">\n\t\t\t\t\t\t\t\t\t<p><span style=\"color: #338fff;\"><strong>Etiolog\u00eda<\/strong><\/span><\/p><p>El virus sincitial respiratorio (VSR) es el virus identificado con mayor frecuencia y es responsable de aproximadamente el 60 % de los casos de bronquiolitis que requieren hospitalizaci\u00f3n, seguido del Rinovirus (RV), Bocavirus, Metapneumovirus, Adenovirus, Coronavirus, virus de la Influenza y Parainfluenza<strong>.<\/strong><\/p>\t\t\t\t\t\t\t\t<\/div>\n\t\t\t\t<\/div>\n\t\t\t\t<\/div>\n\t\t<div role=\"region\" aria-labelledby=\"e-n-accordion-item-6480\" class=\"elementor-element elementor-element-663af4c e-con-full e-flex e-con e-child\" data-id=\"663af4c\" data-element_type=\"container\" data-e-type=\"container\">\n\t\t\t\t<div class=\"elementor-element elementor-element-f84e5d7 elementor-widget__width-initial elementor-widget elementor-widget-image\" data-id=\"f84e5d7\" data-element_type=\"widget\" data-e-type=\"widget\" data-widget_type=\"image.default\">\n\t\t\t\t\t\t\t\t\t\t\t\t\t\t\t<img loading=\"lazy\" decoding=\"async\" width=\"750\" height=\"1000\" src=\"https:\/\/videoteca.svpediatria.org\/wp-content\/uploads\/2025\/08\/2148518650.jpg\" class=\"attachment-medium_large size-medium_large wp-image-633\" alt=\"\" srcset=\"https:\/\/videoteca.svpediatria.org\/wp-content\/uploads\/2025\/08\/2148518650.jpg 750w, https:\/\/videoteca.svpediatria.org\/wp-content\/uploads\/2025\/08\/2148518650-225x300.jpg 225w\" sizes=\"(max-width: 750px) 100vw, 750px\" \/>\t\t\t\t\t\t\t\t\t\t\t\t\t\t\t<\/div>\n\t\t\t\t<\/div>\n\t\t\t\t<\/div>\n\t\t<div role=\"region tabpanel\" aria-labelledby=\"e-n-accordion-item-6480 e-n-tab-title-92648942\" id=\"e-n-tab-content-92648942\" data-tab-index=\"2\" style=\"--n-tabs-title-order: 2;\" class=\" elementor-element elementor-element-9218661 e-con-full e-grid e-con e-child\" data-id=\"9218661\" data-element_type=\"container\" data-e-type=\"container\">\n\t\t<div role=\"region\" aria-labelledby=\"e-n-accordion-item-6480\" class=\"elementor-element elementor-element-ba37d7a e-con-full e-flex e-con e-child\" data-id=\"ba37d7a\" data-element_type=\"container\" data-e-type=\"container\">\n\t\t<div role=\"region\" aria-labelledby=\"e-n-accordion-item-6480\" class=\"elementor-element elementor-element-0f8be64 e-con-full e-flex e-con e-child\" data-id=\"0f8be64\" data-element_type=\"container\" data-e-type=\"container\">\n\t\t\t\t<div class=\"elementor-element elementor-element-2564027 elementor-widget elementor-widget-text-editor\" data-id=\"2564027\" data-element_type=\"widget\" data-e-type=\"widget\" data-widget_type=\"text-editor.default\">\n\t\t\t\t\t\t\t\t\t<p><span style=\"color: #338fff;\"><strong>Diagn\u00f3stico<\/strong><\/span><\/p><ul><li><strong>Epidemiol\u00f3gico: <\/strong>Historia familiar de asma, atopia o infecci\u00f3n respiratoria. Presentaci\u00f3n en pico respiratorio, Antecedente de eccema, prematuridad, exposici\u00f3n a cigarrillo durante la gestaci\u00f3n.<\/li><li><strong>Cl\u00ednico: <\/strong>Pr\u00f3dromo catarral de 1\u20113 d\u00edas caracterizado por rinorrea con o sin fiebre, con progresi\u00f3n a tos persistente, taquipnea, retracciones tor\u00e1cicas, sibilancias y\/o crepitantes. Puede presentar dificultad para la alimentaci\u00f3n, v\u00f3mitos, signos de deshidrataci\u00f3n y\/o cianosis, letargia, apnea y\/o disminuci\u00f3n de la saturaci\u00f3n arterial de Ox\u00edgeno.<\/li><\/ul>\t\t\t\t\t\t\t\t<\/div>\n\t\t\t\t<div class=\"elementor-element elementor-element-0b2588c elementor-widget elementor-widget-text-editor\" data-id=\"0b2588c\" data-element_type=\"widget\" data-e-type=\"widget\" data-widget_type=\"text-editor.default\">\n\t\t\t\t\t\t\t\t\t<p>\u00a0La evaluaci\u00f3n cl\u00ednica tambi\u00e9n requiere una evaluaci\u00f3n de severidad para lo que se utilizan diferentes escalas como la escala de Tal modificada por Bierman y Pearson (Tabla 1) y la escala de Wood-Downes-Ferr\u00e9s (WDF) cuyo objetivo final es ayudar en la toma de decisiones terap\u00e9uticas y la necesidad de suplemento de ox\u00edgeno. Seg\u00fan estudios de Validaci\u00f3n la escala de Wood Downes Ferr\u00e9s (Tabla 2) tiene un coeficiente de correlaci\u00f3n de Conbrach mayor (0,78) que establece una validaci\u00f3n superior a la escala de Tal (0,35) sin embargo, muchos autores consideran la escala de tal m\u00e1s sencilla y pr\u00e1ctica.\u00a0\u00a0<\/p>\t\t\t\t\t\t\t\t<\/div>\n\t\t\t\t<\/div>\n\t\t\t\t<\/div>\n\t\t<div role=\"region\" aria-labelledby=\"e-n-accordion-item-6480\" class=\"elementor-element elementor-element-7260beb e-con-full e-flex e-con e-child\" data-id=\"7260beb\" data-element_type=\"container\" data-e-type=\"container\">\n\t\t\t\t<div class=\"elementor-element elementor-element-1ff348c elementor-widget__width-initial elementor-widget elementor-widget-image\" data-id=\"1ff348c\" data-element_type=\"widget\" data-e-type=\"widget\" data-widget_type=\"image.default\">\n\t\t\t\t\t\t\t\t\t\t\t\t<figure class=\"wp-caption\">\n\t\t\t\t\t\t\t\t\t\t\t<a href=\"https:\/\/videoteca.svpediatria.org\/wp-content\/uploads\/2025\/08\/Tabla1_bronquiolitisAg.jpg\" data-elementor-open-lightbox=\"yes\" data-elementor-lightbox-title=\"Tabla1_bronquiolitisAg\" data-e-action-hash=\"#elementor-action%3Aaction%3Dlightbox%26settings%3DeyJpZCI6NjM5LCJ1cmwiOiJodHRwczpcL1wvdmlkZW90ZWNhLnN2cGVkaWF0cmlhLm9yZ1wvd3AtY29udGVudFwvdXBsb2Fkc1wvMjAyNVwvMDhcL1RhYmxhMV9icm9ucXVpb2xpdGlzQWcuanBnIn0%3D\">\n\t\t\t\t\t\t\t<img loading=\"lazy\" decoding=\"async\" width=\"768\" height=\"278\" src=\"https:\/\/videoteca.svpediatria.org\/wp-content\/uploads\/2025\/08\/Tabla1_bronquiolitisAg-768x278.jpg\" class=\"attachment-medium_large size-medium_large wp-image-639\" alt=\"\" srcset=\"https:\/\/videoteca.svpediatria.org\/wp-content\/uploads\/2025\/08\/Tabla1_bronquiolitisAg-768x278.jpg 768w, https:\/\/videoteca.svpediatria.org\/wp-content\/uploads\/2025\/08\/Tabla1_bronquiolitisAg-300x109.jpg 300w, https:\/\/videoteca.svpediatria.org\/wp-content\/uploads\/2025\/08\/Tabla1_bronquiolitisAg-930x338.jpg 930w, https:\/\/videoteca.svpediatria.org\/wp-content\/uploads\/2025\/08\/Tabla1_bronquiolitisAg.jpg 933w\" sizes=\"(max-width: 768px) 100vw, 768px\" \/>\t\t\t\t\t\t\t\t<\/a>\n\t\t\t\t\t\t\t\t\t\t\t<figcaption class=\"widget-image-caption wp-caption-text\">Haga clic en la imagen para agrandarla<\/figcaption>\n\t\t\t\t\t\t\t\t\t\t<\/figure>\n\t\t\t\t\t\t\t\t\t<\/div>\n\t\t\t\t<div class=\"elementor-element elementor-element-4ea3a64 elementor-widget__width-initial elementor-widget elementor-widget-image\" data-id=\"4ea3a64\" data-element_type=\"widget\" data-e-type=\"widget\" data-widget_type=\"image.default\">\n\t\t\t\t\t\t\t\t\t\t\t\t<figure class=\"wp-caption\">\n\t\t\t\t\t\t\t\t\t\t\t<a href=\"https:\/\/videoteca.svpediatria.org\/wp-content\/uploads\/2025\/08\/Tabla2_BronquiolitisAg.jpg\" data-elementor-open-lightbox=\"yes\" data-elementor-lightbox-title=\"Tabla2_BronquiolitisAg\" data-e-action-hash=\"#elementor-action%3Aaction%3Dlightbox%26settings%3DeyJpZCI6NjQwLCJ1cmwiOiJodHRwczpcL1wvdmlkZW90ZWNhLnN2cGVkaWF0cmlhLm9yZ1wvd3AtY29udGVudFwvdXBsb2Fkc1wvMjAyNVwvMDhcL1RhYmxhMl9Ccm9ucXVpb2xpdGlzQWcuanBnIn0%3D\">\n\t\t\t\t\t\t\t<img loading=\"lazy\" decoding=\"async\" width=\"768\" height=\"362\" src=\"https:\/\/videoteca.svpediatria.org\/wp-content\/uploads\/2025\/08\/Tabla2_BronquiolitisAg-768x362.jpg\" class=\"attachment-medium_large size-medium_large wp-image-640\" alt=\"\" srcset=\"https:\/\/videoteca.svpediatria.org\/wp-content\/uploads\/2025\/08\/Tabla2_BronquiolitisAg-768x362.jpg 768w, https:\/\/videoteca.svpediatria.org\/wp-content\/uploads\/2025\/08\/Tabla2_BronquiolitisAg-300x142.jpg 300w, https:\/\/videoteca.svpediatria.org\/wp-content\/uploads\/2025\/08\/Tabla2_BronquiolitisAg.jpg 873w\" sizes=\"(max-width: 768px) 100vw, 768px\" \/>\t\t\t\t\t\t\t\t<\/a>\n\t\t\t\t\t\t\t\t\t\t\t<figcaption class=\"widget-image-caption wp-caption-text\">Haga clic en la imagen para agrandarla<\/figcaption>\n\t\t\t\t\t\t\t\t\t\t<\/figure>\n\t\t\t\t\t\t\t\t\t<\/div>\n\t\t\t\t<\/div>\n\t\t\t\t<\/div>\n\t\t<div role=\"region tabpanel\" aria-labelledby=\"e-n-accordion-item-6480 e-n-tab-title-92648943\" id=\"e-n-tab-content-92648943\" data-tab-index=\"3\" style=\"--n-tabs-title-order: 3;\" class=\" elementor-element elementor-element-4ffc9a3 e-con-full e-grid e-con e-child\" data-id=\"4ffc9a3\" data-element_type=\"container\" data-e-type=\"container\">\n\t\t<div role=\"region\" aria-labelledby=\"e-n-accordion-item-6480\" class=\"elementor-element elementor-element-5266e4a e-con-full e-flex e-con e-child\" data-id=\"5266e4a\" data-element_type=\"container\" data-e-type=\"container\">\n\t\t<div role=\"region\" aria-labelledby=\"e-n-accordion-item-6480\" class=\"elementor-element elementor-element-11b0f81 e-con-full e-flex e-con e-child\" data-id=\"11b0f81\" data-element_type=\"container\" data-e-type=\"container\">\n\t\t\t\t<div class=\"elementor-element elementor-element-5d85263 elementor-widget elementor-widget-text-editor\" data-id=\"5d85263\" data-element_type=\"widget\" data-e-type=\"widget\" data-widget_type=\"text-editor.default\">\n\t\t\t\t\t\t\t\t\t<p><span style=\"color: #338fff;\"><strong>Factores de riesgo<\/strong><\/span><\/p><p>Los principales Factores de riesgo asociados a Bronquiolitis incluyen:<\/p><ul><li>Enfermedad pulmonar cr\u00f3nica (incluida la displasia broncopulmonar).<\/li><li>Cardiopat\u00eda cong\u00e9nita hemodin\u00e1micamente significativa.<\/li><li>Edad en lactantes peque\u00f1os (menores de 3 meses).<\/li><li>Nacimiento prematuro, especialmente antes de las 32 semanas.<\/li><li>Trastornos neuromusculares.<\/li><li>\u00a0<\/li><li>Falta de administraci\u00f3n de lactancia humana.<\/li><li>Exposici\u00f3n a humo de tabaco.<\/li><li>Alteraci\u00f3n del microbioma respiratorio e intestinal.<\/li><li>Antecedentes de Asma o atopia.<\/li><li>Pobre inmunidad antiviral.<\/li><\/ul>\t\t\t\t\t\t\t\t<\/div>\n\t\t\t\t<\/div>\n\t\t\t\t<\/div>\n\t\t\t\t<\/div>\n\t\t<div role=\"region tabpanel\" aria-labelledby=\"e-n-accordion-item-6480 e-n-tab-title-92648944\" id=\"e-n-tab-content-92648944\" data-tab-index=\"4\" style=\"--n-tabs-title-order: 4;\" class=\" elementor-element elementor-element-8d11058 e-con-full e-grid e-con e-child\" data-id=\"8d11058\" data-element_type=\"container\" data-e-type=\"container\">\n\t\t<div role=\"region\" aria-labelledby=\"e-n-accordion-item-6480\" class=\"elementor-element elementor-element-f1d1f84 e-con-full e-flex e-con e-child\" data-id=\"f1d1f84\" data-element_type=\"container\" data-e-type=\"container\">\n\t\t<div role=\"region\" aria-labelledby=\"e-n-accordion-item-6480\" class=\"elementor-element elementor-element-b377159 e-con-full e-flex e-con e-child\" data-id=\"b377159\" data-element_type=\"container\" data-e-type=\"container\">\n\t\t\t\t<div class=\"elementor-element elementor-element-cacaa31 elementor-widget elementor-widget-text-editor\" data-id=\"cacaa31\" data-element_type=\"widget\" data-e-type=\"widget\" data-widget_type=\"text-editor.default\">\n\t\t\t\t\t\t\t\t\t<p><span style=\"color: #338fff;\"><strong>Indicadores de severidad<\/strong><\/span><\/p><p>Se considera que la bronquioliris es <em>Leve<\/em> si la saturaci\u00f3n est\u00e1 por encima de 94% ,\u00a0 Score cl\u00ednico\u00a0 &lt; de 3 puntos para\u00a0 DWF o de 5 para la escala de Tal y no hay factores de riesgo. <em>Moderada: <\/em>si la saturaci\u00f3n de ox\u00edgeno est\u00e1 entre 87 y 94% su Score cl\u00ednico est\u00e1 entre 4 y 7 puntos\u00a0 para la escala de WDF, o de\u00a0 6 y 10 puntos para la escala de Tal sin factores de riesgo y <em>Severa<\/em> aquellos que tienen una Saturaci\u00f3n inicial &lt; 85% o una hipoxemia que no se corrije con ox\u00edgeno a bajo flujo y un Score de Tal &gt;a 10 puntos o &gt; a 8\u00a0 para WDF y presencia de factores de riesgo.<\/p><p>Tambi\u00e9n puede ser \u00fatil la clasificaci\u00f3n por fenotipos para individualizar la conducta terap\u00e9utica (Esquema 1). Esta clasificaci\u00f3n tiene implicaciones significativas en el tratamiento de la bronquiolitis. Permite un enfoque m\u00e1s dirigido y efectivo en la atenci\u00f3n de los pacientes.<strong>\u00a0\u00a0\u00a0\u00a0\u00a0\u00a0\u00a0\u00a0\u00a0\u00a0\u00a0\u00a0\u00a0\u00a0\u00a0\u00a0\u00a0\u00a0\u00a0\u00a0 <\/strong><\/p>\t\t\t\t\t\t\t\t<\/div>\n\t\t\t\t<\/div>\n\t\t\t\t<\/div>\n\t\t<div role=\"region\" aria-labelledby=\"e-n-accordion-item-6480\" class=\"elementor-element elementor-element-d9d2bf4 e-con-full e-flex e-con e-child\" data-id=\"d9d2bf4\" data-element_type=\"container\" data-e-type=\"container\">\n\t\t\t\t<div class=\"elementor-element elementor-element-15f8e20 elementor-widget__width-initial elementor-widget elementor-widget-image\" data-id=\"15f8e20\" data-element_type=\"widget\" data-e-type=\"widget\" data-widget_type=\"image.default\">\n\t\t\t\t\t\t\t\t\t\t\t\t<figure class=\"wp-caption\">\n\t\t\t\t\t\t\t\t\t\t\t<a href=\"https:\/\/videoteca.svpediatria.org\/wp-content\/uploads\/2025\/08\/ClasifFenotipos_BronquiolitisAg.jpg\" data-elementor-open-lightbox=\"yes\" data-elementor-lightbox-title=\"ClasifFenotipos_BronquiolitisAg\" data-e-action-hash=\"#elementor-action%3Aaction%3Dlightbox%26settings%3DeyJpZCI6NjQ1LCJ1cmwiOiJodHRwczpcL1wvdmlkZW90ZWNhLnN2cGVkaWF0cmlhLm9yZ1wvd3AtY29udGVudFwvdXBsb2Fkc1wvMjAyNVwvMDhcL0NsYXNpZkZlbm90aXBvc19Ccm9ucXVpb2xpdGlzQWcuanBnIn0%3D\">\n\t\t\t\t\t\t\t<img loading=\"lazy\" decoding=\"async\" width=\"795\" height=\"513\" src=\"https:\/\/videoteca.svpediatria.org\/wp-content\/uploads\/2025\/08\/ClasifFenotipos_BronquiolitisAg.jpg\" class=\"attachment-large size-large wp-image-645\" alt=\"\" srcset=\"https:\/\/videoteca.svpediatria.org\/wp-content\/uploads\/2025\/08\/ClasifFenotipos_BronquiolitisAg.jpg 795w, https:\/\/videoteca.svpediatria.org\/wp-content\/uploads\/2025\/08\/ClasifFenotipos_BronquiolitisAg-300x194.jpg 300w, https:\/\/videoteca.svpediatria.org\/wp-content\/uploads\/2025\/08\/ClasifFenotipos_BronquiolitisAg-768x496.jpg 768w\" sizes=\"(max-width: 795px) 100vw, 795px\" \/>\t\t\t\t\t\t\t\t<\/a>\n\t\t\t\t\t\t\t\t\t\t\t<figcaption class=\"widget-image-caption wp-caption-text\">Esquema 1<br>Haga clic en la imagen para agrandarla<\/figcaption>\n\t\t\t\t\t\t\t\t\t\t<\/figure>\n\t\t\t\t\t\t\t\t\t<\/div>\n\t\t\t\t<\/div>\n\t\t\t\t<\/div>\n\t\t<div role=\"region tabpanel\" aria-labelledby=\"e-n-accordion-item-6480 e-n-tab-title-92648945\" id=\"e-n-tab-content-92648945\" data-tab-index=\"5\" style=\"--n-tabs-title-order: 5;\" class=\" elementor-element elementor-element-8f99b28 e-con-full e-grid e-con e-child\" data-id=\"8f99b28\" data-element_type=\"container\" data-e-type=\"container\">\n\t\t<div role=\"region\" aria-labelledby=\"e-n-accordion-item-6480\" class=\"elementor-element elementor-element-59eaf38 e-con-full e-flex e-con e-child\" data-id=\"59eaf38\" data-element_type=\"container\" data-e-type=\"container\">\n\t\t<div role=\"region\" aria-labelledby=\"e-n-accordion-item-6480\" class=\"elementor-element elementor-element-e840187 e-con-full e-flex e-con e-child\" data-id=\"e840187\" data-element_type=\"container\" data-e-type=\"container\">\n\t\t\t\t<div class=\"elementor-element elementor-element-1de6295 elementor-widget elementor-widget-text-editor\" data-id=\"1de6295\" data-element_type=\"widget\" data-e-type=\"widget\" data-widget_type=\"text-editor.default\">\n\t\t\t\t\t\t\t\t\t<p><span style=\"color: #338fff;\"><strong>Tratamiento seg\u00fan la severidad<\/strong><\/span><\/p><p>Es el tratamiento m\u00e1s ampliamente recomendado y para ello es importante establecer previamente la valoraci\u00f3n del estado cl\u00ednico seg\u00fan la saturaci\u00f3n de ox\u00edgeno, puntaje en el Score de severidad y factores de riesgo.<\/p>\t\t\t\t\t\t\t\t<\/div>\n\t\t\t\t<div class=\"elementor-element elementor-element-83b61ae elementor-widget elementor-widget-text-editor\" data-id=\"83b61ae\" data-element_type=\"widget\" data-e-type=\"widget\" data-widget_type=\"text-editor.default\">\n\t\t\t\t\t\t\t\t\t<p><span style=\"color: #338fff;\"><strong>Leve<\/strong><\/span><\/p><p>El Cuidado general incluye: control de la fiebre mediante antipir\u00e9ticos tipo acetaminof\u00e9n y lavado nasal. Este \u00faltimo permite asegurar la permeabilidad de la v\u00eda a\u00e9rea superior, mantener la ventilaci\u00f3n y disminuir el riesgo de algunas complicaciones como la otitis. Se realizar\u00e1 de forma suave, superficial, no traum\u00e1tica, mediante lavado con suero fisiol\u00f3gico por volumen (5 ml en cada fosa nasal) y limpieza nasal con \u201cperita de aspiraci\u00f3n\u201d El manejo suele ser ambulatorio.<\/p>\t\t\t\t\t\t\t\t<\/div>\n\t\t\t\t<\/div>\n\t\t\t\t<\/div>\n\t\t<div role=\"region\" aria-labelledby=\"e-n-accordion-item-6480\" class=\"elementor-element elementor-element-4bffdba e-con-full e-flex e-con e-child\" data-id=\"4bffdba\" data-element_type=\"container\" data-e-type=\"container\">\n\t\t\t\t<div class=\"elementor-element elementor-element-e5da345 elementor-widget__width-initial elementor-widget elementor-widget-image\" data-id=\"e5da345\" data-element_type=\"widget\" data-e-type=\"widget\" data-widget_type=\"image.default\">\n\t\t\t\t\t\t\t\t\t\t\t\t\t\t\t<img loading=\"lazy\" decoding=\"async\" width=\"668\" height=\"1000\" src=\"https:\/\/videoteca.svpediatria.org\/wp-content\/uploads\/2025\/08\/2150577301.jpg\" class=\"attachment-medium_large size-medium_large wp-image-660\" alt=\"\" srcset=\"https:\/\/videoteca.svpediatria.org\/wp-content\/uploads\/2025\/08\/2150577301.jpg 668w, https:\/\/videoteca.svpediatria.org\/wp-content\/uploads\/2025\/08\/2150577301-200x300.jpg 200w\" sizes=\"(max-width: 668px) 100vw, 668px\" \/>\t\t\t\t\t\t\t\t\t\t\t\t\t\t\t<\/div>\n\t\t\t\t<\/div>\n\t\t\t\t<\/div>\n\t\t<div role=\"region tabpanel\" aria-labelledby=\"e-n-accordion-item-6480 e-n-tab-title-92648946\" id=\"e-n-tab-content-92648946\" data-tab-index=\"6\" style=\"--n-tabs-title-order: 6;\" class=\" elementor-element elementor-element-e28f7e9 e-con-full e-grid e-con e-child\" data-id=\"e28f7e9\" data-element_type=\"container\" data-e-type=\"container\">\n\t\t<div role=\"region\" aria-labelledby=\"e-n-accordion-item-6480\" class=\"elementor-element elementor-element-fc38a5f e-con-full e-flex e-con e-child\" data-id=\"fc38a5f\" data-element_type=\"container\" data-e-type=\"container\">\n\t\t<div role=\"region\" aria-labelledby=\"e-n-accordion-item-6480\" class=\"elementor-element elementor-element-5b34e88 e-con-full e-flex e-con e-child\" data-id=\"5b34e88\" data-element_type=\"container\" data-e-type=\"container\">\n\t\t\t\t<div class=\"elementor-element elementor-element-e9af289 elementor-widget elementor-widget-text-editor\" data-id=\"e9af289\" data-element_type=\"widget\" data-e-type=\"widget\" data-widget_type=\"text-editor.default\">\n\t\t\t\t\t\t\t\t\t<p><span style=\"color: #338fff;\"><strong>Moderado<\/strong><\/span><\/p><p>Se requiere hospitalizaci\u00f3n. Suplemento de ox\u00edgeno de bajo flujo: Si la saturaci\u00f3n est\u00e1 por debajo del 95%. Iniciar oxigenoterapia con bigote nasal (3 lpm) si se requiere una FiO2 menor a 0.5 o usar m\u00e1scara a 5-10 lpm (litros por minuto) si los requerimientos son mayores, mantener buen estado de hidrataci\u00f3n y priorizar la v\u00eda oral: Considerar alimentaci\u00f3n frecuente a bajos vol\u00famenes o colocaci\u00f3n de Sonda nasog\u00e1strica si hay distr\u00e9s respiratorio moderado para administrar suero de rehidrataci\u00f3n oral. Est\u00e1 recomendado el uso de Beta 2 adren\u00e9rgicos de acci\u00f3n corta como Salbutamol nebulizado (0,15 mg\/Kg dosis diluido en 2 ml de soluci\u00f3n fisiol\u00f3gica) mediante una prueba terap\u00e9utica si se documenta Rinovirus. Los esteroides endovenosos se deben considerar en la afecci\u00f3n respiratoria moderada en RV y SARS Cov2.\u00a0 La Academia Americana de Puericultura y Pediatr\u00eda sugiere utilizar Soluci\u00f3n hipert\u00f3nica al 3% en pacientes con infecci\u00f3n respiratoria por VSR con distr\u00e9s respiratorio moderado. En relaci\u00f3n con la prueba terap\u00e9utica de salbutamol, si bien no existe gran evidencia que lo sustente algunos protocolos en Latinoam\u00e9rica lo recomiendan, cuando el paciente tenga todos los requisitos expuestos en la Tabla 4. Para evaluar la respuesta se usan los criterios indicados en esa misma tabla. Una respuesta positiva corresponder\u00eda a una disminuci\u00f3n del puntaje de Tal o WDF en al menos 2 puntos, implicando que el paciente deber\u00eda continuar con esta terapia seg\u00fan lo requiera.<\/p>\t\t\t\t\t\t\t\t<\/div>\n\t\t\t\t<\/div>\n\t\t\t\t<\/div>\n\t\t<div role=\"region\" aria-labelledby=\"e-n-accordion-item-6480\" class=\"elementor-element elementor-element-cf4b6ef e-con-full e-flex e-con e-child\" data-id=\"cf4b6ef\" data-element_type=\"container\" data-e-type=\"container\">\n\t\t\t\t<div class=\"elementor-element elementor-element-4c2770d elementor-widget__width-initial elementor-widget elementor-widget-image\" data-id=\"4c2770d\" data-element_type=\"widget\" data-e-type=\"widget\" data-widget_type=\"image.default\">\n\t\t\t\t\t\t\t\t\t\t\t\t<figure class=\"wp-caption\">\n\t\t\t\t\t\t\t\t\t\t\t<a href=\"https:\/\/videoteca.svpediatria.org\/wp-content\/uploads\/2025\/08\/Tabla4_BronquiolitisAg.jpg\" data-elementor-open-lightbox=\"yes\" data-elementor-lightbox-title=\"Tabla4_BronquiolitisAg\" data-e-action-hash=\"#elementor-action%3Aaction%3Dlightbox%26settings%3DeyJpZCI6NjYxLCJ1cmwiOiJodHRwczpcL1wvdmlkZW90ZWNhLnN2cGVkaWF0cmlhLm9yZ1wvd3AtY29udGVudFwvdXBsb2Fkc1wvMjAyNVwvMDhcL1RhYmxhNF9Ccm9ucXVpb2xpdGlzQWcuanBnIn0%3D\">\n\t\t\t\t\t\t\t<img loading=\"lazy\" decoding=\"async\" width=\"768\" height=\"332\" src=\"https:\/\/videoteca.svpediatria.org\/wp-content\/uploads\/2025\/08\/Tabla4_BronquiolitisAg-768x332.jpg\" class=\"attachment-medium_large size-medium_large wp-image-661\" alt=\"\" srcset=\"https:\/\/videoteca.svpediatria.org\/wp-content\/uploads\/2025\/08\/Tabla4_BronquiolitisAg-768x332.jpg 768w, https:\/\/videoteca.svpediatria.org\/wp-content\/uploads\/2025\/08\/Tabla4_BronquiolitisAg-300x130.jpg 300w, https:\/\/videoteca.svpediatria.org\/wp-content\/uploads\/2025\/08\/Tabla4_BronquiolitisAg-930x403.jpg 930w, https:\/\/videoteca.svpediatria.org\/wp-content\/uploads\/2025\/08\/Tabla4_BronquiolitisAg.jpg 933w\" sizes=\"(max-width: 768px) 100vw, 768px\" \/>\t\t\t\t\t\t\t\t<\/a>\n\t\t\t\t\t\t\t\t\t\t\t<figcaption class=\"widget-image-caption wp-caption-text\">Haga clic en la imagen para agrandarla<\/figcaption>\n\t\t\t\t\t\t\t\t\t\t<\/figure>\n\t\t\t\t\t\t\t\t\t<\/div>\n\t\t\t\t<\/div>\n\t\t\t\t<\/div>\n\t\t<div role=\"region tabpanel\" aria-labelledby=\"e-n-accordion-item-6480 e-n-tab-title-92648947\" id=\"e-n-tab-content-92648947\" data-tab-index=\"7\" style=\"--n-tabs-title-order: 7;\" class=\" elementor-element elementor-element-1fecc13 e-con-full e-grid e-con e-child\" data-id=\"1fecc13\" data-element_type=\"container\" data-e-type=\"container\">\n\t\t<div role=\"region\" aria-labelledby=\"e-n-accordion-item-6480\" class=\"elementor-element elementor-element-314738c e-con-full e-flex e-con e-child\" data-id=\"314738c\" data-element_type=\"container\" data-e-type=\"container\">\n\t\t<div role=\"region\" aria-labelledby=\"e-n-accordion-item-6480\" class=\"elementor-element elementor-element-7b2ddea e-con-full e-flex e-con e-child\" data-id=\"7b2ddea\" data-element_type=\"container\" data-e-type=\"container\">\n\t\t\t\t<div class=\"elementor-element elementor-element-d776b93 elementor-widget elementor-widget-text-editor\" data-id=\"d776b93\" data-element_type=\"widget\" data-e-type=\"widget\" data-widget_type=\"text-editor.default\">\n\t\t\t\t\t\t\t\t\t<p><span style=\"color: #338fff;\"><strong>Severo<\/strong><\/span><\/p><p>Considerar uso de Adrenalina nebulizada si hay empeoramiento cl\u00ednico (0,5 mg\/Kg. M\u00e1ximo 3 mg). Suplemento de ox\u00edgeno de alto flujo(OAF): Puede utilizarse c\u00e1nula de alto flujo (Iniciar con 2 litros por kilo y FiO2 de 0.5 a 0,6) si no se alcanza buena oxigenaci\u00f3n con ox\u00edgeno de bajo flujo. Si no hay buena respuesta a la c\u00e1nula nasal considerar CPAP seg\u00fan PaFI (Relaci\u00f3n entre la presi\u00f3n parcial de ox\u00edgeno en sangre arterial (PaO2) y la fracci\u00f3n inspirada de ox\u00edgeno (FiO2). Antibioticoterapia si se observa incremento de reactantes de fase aguda, aislamiento de germen en hemocultivo o signos cl\u00ednicos o radiol\u00f3gicos de consolidaci\u00f3n. Si hay gran compromiso cl\u00ednico trasladar a UCIP (Unidad de Cuidados intensivos Pedi\u00e1tricos) seg\u00fan los criterios establecidos para ello.<\/p>\t\t\t\t\t\t\t\t<\/div>\n\t\t\t\t<\/div>\n\t\t\t\t<\/div>\n\t\t<div role=\"region\" aria-labelledby=\"e-n-accordion-item-6480\" class=\"elementor-element elementor-element-ede54e8 e-con-full e-flex e-con e-child\" data-id=\"ede54e8\" data-element_type=\"container\" data-e-type=\"container\">\n\t\t\t\t<div class=\"elementor-element elementor-element-7482b49 elementor-widget__width-initial elementor-widget elementor-widget-image\" data-id=\"7482b49\" data-element_type=\"widget\" data-e-type=\"widget\" data-widget_type=\"image.default\">\n\t\t\t\t\t\t\t\t\t\t\t\t<figure class=\"wp-caption\">\n\t\t\t\t\t\t\t\t\t\t\t<a href=\"https:\/\/videoteca.svpediatria.org\/wp-content\/uploads\/2025\/08\/Tabla5_BronquiolitisAg.jpg\" data-elementor-open-lightbox=\"yes\" data-elementor-lightbox-title=\"Tabla5_BronquiolitisAg\" data-e-action-hash=\"#elementor-action%3Aaction%3Dlightbox%26settings%3DeyJpZCI6NjY2LCJ1cmwiOiJodHRwczpcL1wvdmlkZW90ZWNhLnN2cGVkaWF0cmlhLm9yZ1wvd3AtY29udGVudFwvdXBsb2Fkc1wvMjAyNVwvMDhcL1RhYmxhNV9Ccm9ucXVpb2xpdGlzQWcuanBnIn0%3D\">\n\t\t\t\t\t\t\t<img loading=\"lazy\" decoding=\"async\" width=\"768\" height=\"308\" src=\"https:\/\/videoteca.svpediatria.org\/wp-content\/uploads\/2025\/08\/Tabla5_BronquiolitisAg-768x308.jpg\" class=\"attachment-medium_large size-medium_large wp-image-666\" alt=\"\" srcset=\"https:\/\/videoteca.svpediatria.org\/wp-content\/uploads\/2025\/08\/Tabla5_BronquiolitisAg-768x308.jpg 768w, https:\/\/videoteca.svpediatria.org\/wp-content\/uploads\/2025\/08\/Tabla5_BronquiolitisAg-300x120.jpg 300w, https:\/\/videoteca.svpediatria.org\/wp-content\/uploads\/2025\/08\/Tabla5_BronquiolitisAg-930x374.jpg 930w, https:\/\/videoteca.svpediatria.org\/wp-content\/uploads\/2025\/08\/Tabla5_BronquiolitisAg.jpg 933w\" sizes=\"(max-width: 768px) 100vw, 768px\" \/>\t\t\t\t\t\t\t\t<\/a>\n\t\t\t\t\t\t\t\t\t\t\t<figcaption class=\"widget-image-caption wp-caption-text\">Haga clic en la imagen para agrandarla<\/figcaption>\n\t\t\t\t\t\t\t\t\t\t<\/figure>\n\t\t\t\t\t\t\t\t\t<\/div>\n\t\t\t\t<\/div>\n\t\t\t\t<\/div>\n\t\t<div role=\"region tabpanel\" aria-labelledby=\"e-n-accordion-item-6480 e-n-tab-title-92648948\" id=\"e-n-tab-content-92648948\" data-tab-index=\"8\" style=\"--n-tabs-title-order: 8;\" class=\" elementor-element elementor-element-12326d1 e-con-full e-grid e-con e-child\" data-id=\"12326d1\" data-element_type=\"container\" data-e-type=\"container\">\n\t\t<div role=\"region\" aria-labelledby=\"e-n-accordion-item-6480\" class=\"elementor-element elementor-element-ea8f171 e-con-full e-flex e-con e-child\" data-id=\"ea8f171\" data-element_type=\"container\" data-e-type=\"container\">\n\t\t<div role=\"region\" aria-labelledby=\"e-n-accordion-item-6480\" class=\"elementor-element elementor-element-d657985 e-con-full e-flex e-con e-child\" data-id=\"d657985\" data-element_type=\"container\" data-e-type=\"container\">\n\t\t\t\t<div class=\"elementor-element elementor-element-455c86f elementor-widget elementor-widget-text-editor\" data-id=\"455c86f\" data-element_type=\"widget\" data-e-type=\"widget\" data-widget_type=\"text-editor.default\">\n\t\t\t\t\t\t\t\t\t<p><span style=\"color: #338fff;\"><strong>Tratamiento seg\u00fan fenotipo <\/strong><\/span><\/p><p>Las implicaciones terap\u00e9uticas de los fenotipos cl\u00ednicos de bronquiolitis se centran en la personalizaci\u00f3n del tratamiento seg\u00fan las caracter\u00edsticas espec\u00edficas de cada paciente. La tabla 6 detalla las principales implicaciones.<\/p>\t\t\t\t\t\t\t\t<\/div>\n\t\t\t\t<div class=\"elementor-element elementor-element-c931c0b elementor-widget elementor-widget-text-editor\" data-id=\"c931c0b\" data-element_type=\"widget\" data-e-type=\"widget\" data-widget_type=\"text-editor.default\">\n\t\t\t\t\t\t\t\t\t<p><span style=\"color: #338fff;\"><strong>Uso de antivirales<\/strong><\/span><\/p><p>El uso de antivirales est\u00e1 limitado a pacientes con enfermedad severa dentro de los primeros 7 d\u00edas de inicio de la enfermedad y a los pacientes de alto riesgo como: menores de 2 a\u00f1os, inmunocomprometidos, embarazadas, enfermedad pulmonar cr\u00f3nica, enfermedad cardiovascular sintom\u00e1tica, enfermedad hep\u00e1tica, renal y hematol\u00f3gica cr\u00f3nica, enfermedades metab\u00f3licas como la diabetes y enfermedad del neurodesarrollo como par\u00e1lisis cerebral y epilepsia y en pacientes obesos por encima del percentil 95 p. La tabla 7 muestra las drogas disponibles y en investigaci\u00f3n.<\/p>\t\t\t\t\t\t\t\t<\/div>\n\t\t\t\t<\/div>\n\t\t\t\t<\/div>\n\t\t<div role=\"region\" aria-labelledby=\"e-n-accordion-item-6480\" class=\"elementor-element elementor-element-e04d68d e-con-full e-flex e-con e-child\" data-id=\"e04d68d\" data-element_type=\"container\" data-e-type=\"container\">\n\t\t\t\t<div class=\"elementor-element elementor-element-140c547 elementor-widget__width-initial elementor-widget elementor-widget-image\" data-id=\"140c547\" data-element_type=\"widget\" data-e-type=\"widget\" data-widget_type=\"image.default\">\n\t\t\t\t\t\t\t\t\t\t\t\t<figure class=\"wp-caption\">\n\t\t\t\t\t\t\t\t\t\t\t<a href=\"https:\/\/videoteca.svpediatria.org\/wp-content\/uploads\/2025\/08\/Tabla6_BronquiolitisAg.jpg\" data-elementor-open-lightbox=\"yes\" data-elementor-lightbox-title=\"Tabla6_BronquiolitisAg\" data-e-action-hash=\"#elementor-action%3Aaction%3Dlightbox%26settings%3DeyJpZCI6NjY3LCJ1cmwiOiJodHRwczpcL1wvdmlkZW90ZWNhLnN2cGVkaWF0cmlhLm9yZ1wvd3AtY29udGVudFwvdXBsb2Fkc1wvMjAyNVwvMDhcL1RhYmxhNl9Ccm9ucXVpb2xpdGlzQWcuanBnIn0%3D\">\n\t\t\t\t\t\t\t<img loading=\"lazy\" decoding=\"async\" width=\"768\" height=\"250\" src=\"https:\/\/videoteca.svpediatria.org\/wp-content\/uploads\/2025\/08\/Tabla6_BronquiolitisAg-768x250.jpg\" class=\"attachment-medium_large size-medium_large wp-image-667\" alt=\"\" srcset=\"https:\/\/videoteca.svpediatria.org\/wp-content\/uploads\/2025\/08\/Tabla6_BronquiolitisAg-768x250.jpg 768w, https:\/\/videoteca.svpediatria.org\/wp-content\/uploads\/2025\/08\/Tabla6_BronquiolitisAg-300x98.jpg 300w, https:\/\/videoteca.svpediatria.org\/wp-content\/uploads\/2025\/08\/Tabla6_BronquiolitisAg-930x304.jpg 930w, https:\/\/videoteca.svpediatria.org\/wp-content\/uploads\/2025\/08\/Tabla6_BronquiolitisAg.jpg 933w\" sizes=\"(max-width: 768px) 100vw, 768px\" \/>\t\t\t\t\t\t\t\t<\/a>\n\t\t\t\t\t\t\t\t\t\t\t<figcaption class=\"widget-image-caption wp-caption-text\">Haga clic en la imagen para agrandarla<\/figcaption>\n\t\t\t\t\t\t\t\t\t\t<\/figure>\n\t\t\t\t\t\t\t\t\t<\/div>\n\t\t\t\t<div class=\"elementor-element elementor-element-15f16dc elementor-widget__width-initial elementor-widget elementor-widget-image\" data-id=\"15f16dc\" data-element_type=\"widget\" data-e-type=\"widget\" data-widget_type=\"image.default\">\n\t\t\t\t\t\t\t\t\t\t\t\t<figure class=\"wp-caption\">\n\t\t\t\t\t\t\t\t\t\t\t<a href=\"https:\/\/videoteca.svpediatria.org\/wp-content\/uploads\/2025\/08\/Tabla7_BronquiolitisAg.jpg\" data-elementor-open-lightbox=\"yes\" data-elementor-lightbox-title=\"Tabla7_BronquiolitisAg\" data-e-action-hash=\"#elementor-action%3Aaction%3Dlightbox%26settings%3DeyJpZCI6NjcyLCJ1cmwiOiJodHRwczpcL1wvdmlkZW90ZWNhLnN2cGVkaWF0cmlhLm9yZ1wvd3AtY29udGVudFwvdXBsb2Fkc1wvMjAyNVwvMDhcL1RhYmxhN19Ccm9ucXVpb2xpdGlzQWcuanBnIn0%3D\">\n\t\t\t\t\t\t\t<img loading=\"lazy\" decoding=\"async\" width=\"768\" height=\"393\" src=\"https:\/\/videoteca.svpediatria.org\/wp-content\/uploads\/2025\/08\/Tabla7_BronquiolitisAg-768x393.jpg\" class=\"attachment-medium_large size-medium_large wp-image-672\" alt=\"\" srcset=\"https:\/\/videoteca.svpediatria.org\/wp-content\/uploads\/2025\/08\/Tabla7_BronquiolitisAg-768x393.jpg 768w, https:\/\/videoteca.svpediatria.org\/wp-content\/uploads\/2025\/08\/Tabla7_BronquiolitisAg-300x154.jpg 300w, https:\/\/videoteca.svpediatria.org\/wp-content\/uploads\/2025\/08\/Tabla7_BronquiolitisAg.jpg 934w\" sizes=\"(max-width: 768px) 100vw, 768px\" \/>\t\t\t\t\t\t\t\t<\/a>\n\t\t\t\t\t\t\t\t\t\t\t<figcaption class=\"widget-image-caption wp-caption-text\">Haga clic en la imagen para agrandarla<\/figcaption>\n\t\t\t\t\t\t\t\t\t\t<\/figure>\n\t\t\t\t\t\t\t\t\t<\/div>\n\t\t\t\t<\/div>\n\t\t\t\t<\/div>\n\t\t<div role=\"region tabpanel\" aria-labelledby=\"e-n-accordion-item-6480 e-n-tab-title-92648949\" id=\"e-n-tab-content-92648949\" data-tab-index=\"9\" style=\"--n-tabs-title-order: 9;\" class=\" elementor-element elementor-element-daa807b e-con-full e-grid e-con e-child\" data-id=\"daa807b\" data-element_type=\"container\" data-e-type=\"container\">\n\t\t<div role=\"region\" aria-labelledby=\"e-n-accordion-item-6480\" class=\"elementor-element elementor-element-674e635 e-con-full e-flex e-con e-child\" data-id=\"674e635\" data-element_type=\"container\" data-e-type=\"container\">\n\t\t<div role=\"region\" aria-labelledby=\"e-n-accordion-item-6480\" class=\"elementor-element elementor-element-2207a53 e-con-full e-flex e-con e-child\" data-id=\"2207a53\" data-element_type=\"container\" data-e-type=\"container\">\n\t\t\t\t<div class=\"elementor-element elementor-element-c297110 elementor-widget elementor-widget-text-editor\" data-id=\"c297110\" data-element_type=\"widget\" data-e-type=\"widget\" data-widget_type=\"text-editor.default\">\n\t\t\t\t\t\t\t\t\t<p><span style=\"color: #338fff;\"><strong>Prevenci\u00f3n<\/strong><\/span><\/p><p>Dentro de la prevenci\u00f3n es importante mencionar el aislamiento, el lavado frecuente de manos al evaluar el paciente, evitar la exposici\u00f3n a humo de cigarrillo en el hogar, promover la lactancia humana y la inmunizaci\u00f3n de la madre y el paciente pedi\u00e1trico. En cuanto a inmunizaciones, existen dos anticuerpos monoclonales contra la prote\u00edna de fusi\u00f3n (F) del VSR, las cuales han sido aprobados por la FDA para el uso en ni\u00f1os: Palivyzumab (Synagis\u00e2) y m\u00e1s recientemente Niservimab (Beyfortus\u00e2). Dada la importancia de la vacunaci\u00f3n en poblaciones riesgo se desarrollo una vacuna bivalente de ant\u00edgenos del VSR-A y B, actualmente aprobada por la FDA desde el a\u00f1o 2023: Abrysvo\u00e2 indicada formalmente en embarazadas, adultos a partir de 60 a\u00f1os y adultos de 18 a 59 a\u00f1os con riesgo de infecci\u00f3n por VSR. La Tabla 8 muestra el esquema de inmunizaci\u00f3n aprobado para VSR.<\/p>\t\t\t\t\t\t\t\t<\/div>\n\t\t\t\t<\/div>\n\t\t\t\t<\/div>\n\t\t<div role=\"region\" aria-labelledby=\"e-n-accordion-item-6480\" class=\"elementor-element elementor-element-bcc45eb e-con-full e-flex e-con e-child\" data-id=\"bcc45eb\" data-element_type=\"container\" data-e-type=\"container\">\n\t\t\t\t<div class=\"elementor-element elementor-element-60bcf83 elementor-widget__width-initial elementor-widget elementor-widget-image\" data-id=\"60bcf83\" data-element_type=\"widget\" data-e-type=\"widget\" data-widget_type=\"image.default\">\n\t\t\t\t\t\t\t\t\t\t\t\t<figure class=\"wp-caption\">\n\t\t\t\t\t\t\t\t\t\t\t<a href=\"https:\/\/videoteca.svpediatria.org\/wp-content\/uploads\/2025\/08\/Tabla8_BronquiolitisAg-1.jpg\" data-elementor-open-lightbox=\"yes\" data-elementor-lightbox-title=\"Tabla8_BronquiolitisAg\" data-e-action-hash=\"#elementor-action%3Aaction%3Dlightbox%26settings%3DeyJpZCI6Njc5LCJ1cmwiOiJodHRwczpcL1wvdmlkZW90ZWNhLnN2cGVkaWF0cmlhLm9yZ1wvd3AtY29udGVudFwvdXBsb2Fkc1wvMjAyNVwvMDhcL1RhYmxhOF9Ccm9ucXVpb2xpdGlzQWctMS5qcGcifQ%3D%3D\">\n\t\t\t\t\t\t\t<img loading=\"lazy\" decoding=\"async\" width=\"768\" height=\"333\" src=\"https:\/\/videoteca.svpediatria.org\/wp-content\/uploads\/2025\/08\/Tabla8_BronquiolitisAg-1-768x333.jpg\" class=\"attachment-medium_large size-medium_large wp-image-679\" alt=\"\" srcset=\"https:\/\/videoteca.svpediatria.org\/wp-content\/uploads\/2025\/08\/Tabla8_BronquiolitisAg-1-768x333.jpg 768w, https:\/\/videoteca.svpediatria.org\/wp-content\/uploads\/2025\/08\/Tabla8_BronquiolitisAg-1-300x130.jpg 300w, https:\/\/videoteca.svpediatria.org\/wp-content\/uploads\/2025\/08\/Tabla8_BronquiolitisAg-1-930x405.jpg 930w, https:\/\/videoteca.svpediatria.org\/wp-content\/uploads\/2025\/08\/Tabla8_BronquiolitisAg-1.jpg 933w\" sizes=\"(max-width: 768px) 100vw, 768px\" \/>\t\t\t\t\t\t\t\t<\/a>\n\t\t\t\t\t\t\t\t\t\t\t<figcaption class=\"widget-image-caption wp-caption-text\">Haga clic en la imagen para agrandarla<\/figcaption>\n\t\t\t\t\t\t\t\t\t\t<\/figure>\n\t\t\t\t\t\t\t\t\t<\/div>\n\t\t\t\t<\/div>\n\t\t\t\t<\/div>\n\t\t<div role=\"region tabpanel\" aria-labelledby=\"e-n-accordion-item-6480 e-n-tab-title-926489410\" id=\"e-n-tab-content-926489410\" data-tab-index=\"10\" style=\"--n-tabs-title-order: 10;\" class=\" elementor-element elementor-element-16bbad9 e-flex e-con-boxed e-con e-child\" data-id=\"16bbad9\" data-element_type=\"container\" data-e-type=\"container\">\n\t\t\t\t\t<div class=\"e-con-inner\">\n\t\t\t\t<div class=\"elementor-element elementor-element-ec0f5d3 elementor-widget elementor-widget-text-editor\" data-id=\"ec0f5d3\" data-element_type=\"widget\" data-e-type=\"widget\" data-widget_type=\"text-editor.default\">\n\t\t\t\t\t\t\t\t\t<p><span style=\"color: #338fff;\"><b>AUTORES<\/b><\/span><\/p><p>\u00a0Parra, Jacqueline <sup>1<\/sup> Barrios, Carolina <sup>2<\/sup> Rodulfo, Juan<sup>3<\/sup> Parra, Ana T <sup>4<\/sup><\/p><p><em><sup>1<\/sup><\/em><em>Coordinadora: Pediatra Neumon\u00f3logo. Coordinadora de Post Grado de Neumonolog\u00eda Pedi\u00e1trica UC. Jefe del servicio de Neumonolog\u00eda pedi\u00e1trica Ciudad Hospitalaria \u201cDr Enrique Tejera\u201d. Valencia-Carabobo. <sup>2<\/sup>Pediatra Neumon\u00f3logo. Coordinadora de Post Grado de Neumonolog\u00eda Pedi\u00e1trica UCV. Adjunto al servicio de Neumonolog\u00eda pedi\u00e1trica Hospital \u201cDr.J.M. de los R\u00edos\u201d. Distrito Capital. \u00a0<sup>3<\/sup>Pediatra Neumon\u00f3logo. Jefe del Servicio de Neumonolog\u00eda Hospital Universitario \u201cDr. Manuel N\u00fa\u00f1ez Tovar\u201d. Docente libre pre y Post grado UDO. Matur\u00edn-Monagas. <sup>4<\/sup>Pediatra-Neumon\u00f3logo. Centro cl\u00ednico \u201cla Fontana\u201d. \u00a0La Victoria \u2013 Aragua<\/em><\/p><p><strong>Nombre autor responsable: <\/strong>Parra, Jacqueline <sup>1<\/sup><\/p><p><strong>Correo <\/strong><\/p>\t\t\t\t\t\t\t\t<\/div>\n\t\t\t\t\t<\/div>\n\t\t\t\t<\/div>\n\t\t<div role=\"region tabpanel\" aria-labelledby=\"e-n-accordion-item-6480 e-n-tab-title-926489411\" id=\"e-n-tab-content-926489411\" data-tab-index=\"11\" style=\"--n-tabs-title-order: 11;\" class=\" elementor-element elementor-element-849ac0f e-con-full e-grid e-con e-child\" data-id=\"849ac0f\" data-element_type=\"container\" data-e-type=\"container\">\n\t\t<div role=\"region\" aria-labelledby=\"e-n-accordion-item-6480\" class=\"elementor-element elementor-element-923327f e-con-full e-flex e-con e-child\" data-id=\"923327f\" data-element_type=\"container\" data-e-type=\"container\">\n\t\t<div role=\"region\" aria-labelledby=\"e-n-accordion-item-6480\" class=\"elementor-element elementor-element-cd1895b e-con-full e-flex e-con e-child\" data-id=\"cd1895b\" data-element_type=\"container\" data-e-type=\"container\">\n\t\t\t\t<div class=\"elementor-element elementor-element-ae9401e elementor-widget elementor-widget-text-editor\" data-id=\"ae9401e\" data-element_type=\"widget\" data-e-type=\"widget\" data-widget_type=\"text-editor.default\">\n\t\t\t\t\t\t\t\t\t<p><span style=\"color: #338fff;\"><strong>BIBLIOGRAF\u00cdA<\/strong><\/span><\/p><ol><li>Ralston SL, Lieberthal AS, Meissner HC, Alverson BK, Baley JE, Gadomski AM, et al. Clinical practice guideline: the diagnosis, management, and prevention of bronchiolitis. Pediatrics 2014;134:e1474-e1502. Disponible en: <a href=\"http:\/\/pediatrics.aappublications.org\/content\/134\/5\/e1474.long\">http:\/\/pediatrics.aappublications.org\/content\/134\/5\/e1474.long<\/a><\/li><li>National Institute for Health and Care Excellence. Bronchiolitis in children: diagnosis and management. NICE Guideline. 2015. Disponible en: <a href=\"http:\/\/www.nice.org.uk\/guidance\/ng9\">nice.org.uk\/guidance\/ng9<\/a><a href=\"http:\/\/www.nice.org.uk\/guidance\/ng9\">.<\/a><\/li><li>Grupo de Trabajo de la Gu\u00eda de Pr\u00e1ctica Cl\u00ednica sobre Bronquiolitis Aguda. Fundaci\u00f3 Sant Joan de D\u00e9u, coordinador. Plan de calidad para el Sistema Nacional de Salud del Ministerio de Sanidad y Pol\u00edtica Agencia d\u00b4Avaluaci\u00f3 de Tecnologia i Recerca M\u00e8diques 2010. Gu\u00edas de Pr\u00e1ctica Cl\u00ednica del SNS: AATRM. N\u00ba 2007\/05. Disponible en: <a href=\"http:\/\/www.guiasalud.es\/GPC\/GPC_475_Bronquiolitis_AIAQS_compl.pdf\">http:\/\/www.guiasalud.es\/GPC\/GPC_475_Bronquiolitis_AIAQS_compl.pdf<\/a><\/li><li>Figueras Aloy J, Quero J, Comit\u00e9 de Est\u00e1ndares de la Sociedad Espa\u00f1ola de Neonatolog\u00eda. Recomendaciones para la prevenci\u00f3n de la infecci\u00f3n por virus respiratorio sincitial. An Pediatr (Barc) 2005;63:357-62.<\/li><li>Figueras Aloy J, Carbonell-Estrany X, Comit\u00e9 de Est\u00e1ndares de la Sociedad Espa\u00f1ola de Neonatolog\u00eda. Recomendaciones de uso de palivizumab para la prevenci\u00f3n de la infecci\u00f3n por virus respiratorio sincitial en prematuros de 32<sup>1<\/sup> a 35<sup>0<\/sup> semanas de gestaci\u00f3n. An Pediatr (Barc) 2010;73:98.e1-<\/li><\/ol><p>98.e4. Disponible en: <a href=\"http:\/\/www.analesdepediatria.org\/es\/recomendaciones-uso-palivizumab-prevencion-infeccion\/articulo\/S1695403310002924\/\">http:\/\/www.analesdepediatria.org\/es\/recomendaciones<\/a><a href=\"http:\/\/www.analesdepediatria.org\/es\/recomendaciones-uso-palivizumab-prevencion-infeccion\/articulo\/S1695403310002924\/\">&#8211;<\/a><a href=\"http:\/\/www.analesdepediatria.org\/es\/recomendaciones-uso-palivizumab-prevencion-infeccion\/articulo\/S1695403310002924\/\">uso<\/a><a href=\"http:\/\/www.analesdepediatria.org\/es\/recomendaciones-uso-palivizumab-prevencion-infeccion\/articulo\/S1695403310002924\/\">&#8211;<\/a><a href=\"http:\/\/www.analesdepediatria.org\/es\/recomendaciones-uso-palivizumab-prevencion-infeccion\/articulo\/S1695403310002924\/\">palivizumab<\/a><a href=\"http:\/\/www.analesdepediatria.org\/es\/recomendaciones-uso-palivizumab-prevencion-infeccion\/articulo\/S1695403310002924\/\">&#8211;<\/a><a href=\"http:\/\/www.analesdepediatria.org\/es\/recomendaciones-uso-palivizumab-prevencion-infeccion\/articulo\/S1695403310002924\/\">prevencion<\/a><a href=\"http:\/\/www.analesdepediatria.org\/es\/recomendaciones-uso-palivizumab-prevencion-infeccion\/articulo\/S1695403310002924\/\">&#8211;<\/a><a href=\"http:\/\/www.analesdepediatria.org\/es\/recomendaciones-uso-palivizumab-prevencion-infeccion\/articulo\/S1695403310002924\/\">infeccion\/articulo\/S1695403310002924\/<\/a><\/p><ol start=\"6\"><li>Call\u00e9n Blecua M, Praena Crespo M, Garc\u00eda Merino A, Mora Gandarillas I, Grupo de V\u00edas Respiratorias. Protocolo de Bronquiolitis Diagn\u00f3stico y tratamiento en Atenci\u00f3n Primaria. Protocolo del GVR (publicaci\u00f3n P-GVR-4) [consultado 10\/4\/2016]. Disponible en: <a href=\"http:\/\/www.respirar.org\/grupo-vias-respiratorias\/protocolos\">http:\/\/www.respirar.org\/grupo<\/a><a href=\"http:\/\/www.respirar.org\/grupo-vias-respiratorias\/protocolos\">vias<\/a><a href=\"http:\/\/www.respirar.org\/grupo-vias-respiratorias\/protocolos\">&#8211;<\/a><a href=\"http:\/\/www.respirar.org\/grupo-vias-respiratorias\/protocolos\">respiratorias\/protocolos<\/a><\/li><\/ol>\t\t\t\t\t\t\t\t<\/div>\n\t\t\t\t<\/div>\n\t\t\t\t<\/div>\n\t\t\t\t<\/div>\n\t\t<div role=\"region tabpanel\" aria-labelledby=\"e-n-accordion-item-6480 e-n-tab-title-926489412\" id=\"e-n-tab-content-926489412\" data-tab-index=\"12\" style=\"--n-tabs-title-order: 12;\" class=\" elementor-element elementor-element-3a69502 e-flex e-con-boxed e-con e-child\" data-id=\"3a69502\" data-element_type=\"container\" data-e-type=\"container\">\n\t\t\t\t\t<div class=\"e-con-inner\">\n\t\t\t\t<div class=\"elementor-element elementor-element-e0cda46 elementor-widget elementor-widget-text-editor\" data-id=\"e0cda46\" data-element_type=\"widget\" data-e-type=\"widget\" data-widget_type=\"text-editor.default\">\n\t\t\t\t\t\t\t\t\t<p style=\"text-align: center;\"><img loading=\"lazy\" decoding=\"async\" class=\"wp-image-845 aligncenter\" src=\"https:\/\/videoteca.svpediatria.org\/wp-content\/uploads\/2025\/09\/PDF_file_icon.svg_-244x300.png\" alt=\"\" width=\"52\" height=\"64\" srcset=\"https:\/\/videoteca.svpediatria.org\/wp-content\/uploads\/2025\/09\/PDF_file_icon.svg_-244x300.png 244w, https:\/\/videoteca.svpediatria.org\/wp-content\/uploads\/2025\/09\/PDF_file_icon.svg_.png 400w\" sizes=\"(max-width: 52px) 100vw, 52px\" \/><a href=\"https:\/\/videoteca.svpediatria.org\/wp-content\/uploads\/2025\/09\/Guia-Clinica-Bronquiolitis.pdf\">Gu\u00eda Cl\u00ednica Bronquiolitis<\/a><\/p>\t\t\t\t\t\t\t\t<\/div>\n\t\t\t\t\t<\/div>\n\t\t\t\t<\/div>\n\t\t\t\t\t<\/div>\n\t\t<\/div>\n\t\t\t\t\t\t<\/div>\n\t\t\t\t<\/div>\n\t\t\t\t\t<\/div>\n\t\t\t\t<\/div>\n\t\t\t\t<\/div>\n\t\t\t\t\t<\/details>\n\t\t\t\t\t\t<details id=\"e-n-accordion-item-6481\" class=\"e-n-accordion-item\" >\n\t\t\t\t<summary class=\"e-n-accordion-item-title\" data-accordion-index=\"2\" tabindex=\"-1\" aria-expanded=\"false\" aria-controls=\"e-n-accordion-item-6481\" >\n\t\t\t\t\t<span class='e-n-accordion-item-title-header'><div class=\"e-n-accordion-item-title-text\"> Manejo del asma <\/div><\/span>\n\t\t\t\t\t\t\t<span class='e-n-accordion-item-title-icon'>\n\t\t\t<span class='e-opened' ><svg aria-hidden=\"true\" class=\"e-font-icon-svg e-fas-minus\" viewBox=\"0 0 448 512\" xmlns=\"http:\/\/www.w3.org\/2000\/svg\"><path d=\"M416 208H32c-17.67 0-32 14.33-32 32v32c0 17.67 14.33 32 32 32h384c17.67 0 32-14.33 32-32v-32c0-17.67-14.33-32-32-32z\"><\/path><\/svg><\/span>\n\t\t\t<span class='e-closed'><svg aria-hidden=\"true\" class=\"e-font-icon-svg e-fas-file-medical\" viewBox=\"0 0 384 512\" xmlns=\"http:\/\/www.w3.org\/2000\/svg\"><path d=\"M377 105L279.1 7c-4.5-4.5-10.6-7-17-7H256v128h128v-6.1c0-6.3-2.5-12.4-7-16.9zm-153 31V0H24C10.7 0 0 10.7 0 24v464c0 13.3 10.7 24 24 24h336c13.3 0 24-10.7 24-24V160H248c-13.2 0-24-10.8-24-24zm64 160v48c0 4.4-3.6 8-8 8h-56v56c0 4.4-3.6 8-8 8h-48c-4.4 0-8-3.6-8-8v-56h-56c-4.4 0-8-3.6-8-8v-48c0-4.4 3.6-8 8-8h56v-56c0-4.4 3.6-8 8-8h48c4.4 0 8 3.6 8 8v56h56c4.4 0 8 3.6 8 8z\"><\/path><\/svg><\/span>\n\t\t<\/span>\n\n\t\t\t\t\t\t<\/summary>\n\t\t\t\t<div role=\"region\" aria-labelledby=\"e-n-accordion-item-6481\" class=\"elementor-element elementor-element-6340700 e-con-full e-flex e-con e-child\" data-id=\"6340700\" data-element_type=\"container\" data-e-type=\"container\">\n\t\t<div role=\"region\" aria-labelledby=\"e-n-accordion-item-6481\" class=\"elementor-element elementor-element-43c38a5 e-flex e-con-boxed e-con e-child\" data-id=\"43c38a5\" data-element_type=\"container\" data-e-type=\"container\">\n\t\t\t\t\t<div class=\"e-con-inner\">\n\t\t\t\t<div class=\"elementor-element elementor-element-d40213e elementor-widget elementor-widget-image\" data-id=\"d40213e\" data-element_type=\"widget\" data-e-type=\"widget\" data-widget_type=\"image.default\">\n\t\t\t\t\t\t\t\t\t\t\t\t\t\t\t\t<a href=\"https:\/\/videoteca.svpediatria.org\/wp-content\/uploads\/2025\/09\/Diagrama-Manejo-del-asma-1.jpg\" data-elementor-open-lightbox=\"yes\" data-elementor-lightbox-title=\"Diagrama Manejo del asma\" data-e-action-hash=\"#elementor-action%3Aaction%3Dlightbox%26settings%3DeyJpZCI6MTEwMCwidXJsIjoiaHR0cHM6XC9cL3ZpZGVvdGVjYS5zdnBlZGlhdHJpYS5vcmdcL3dwLWNvbnRlbnRcL3VwbG9hZHNcLzIwMjVcLzA5XC9EaWFncmFtYS1NYW5lam8tZGVsLWFzbWEtMS5qcGcifQ%3D%3D\">\n\t\t\t\t\t\t\t<img loading=\"lazy\" decoding=\"async\" width=\"934\" height=\"619\" src=\"https:\/\/videoteca.svpediatria.org\/wp-content\/uploads\/2025\/09\/Diagrama-Manejo-del-asma-1.jpg\" class=\"attachment-large size-large wp-image-1100\" alt=\"\" srcset=\"https:\/\/videoteca.svpediatria.org\/wp-content\/uploads\/2025\/09\/Diagrama-Manejo-del-asma-1.jpg 934w, https:\/\/videoteca.svpediatria.org\/wp-content\/uploads\/2025\/09\/Diagrama-Manejo-del-asma-1-300x199.jpg 300w, https:\/\/videoteca.svpediatria.org\/wp-content\/uploads\/2025\/09\/Diagrama-Manejo-del-asma-1-768x509.jpg 768w\" sizes=\"(max-width: 934px) 100vw, 934px\" \/>\t\t\t\t\t\t\t\t<\/a>\n\t\t\t\t\t\t\t\t\t\t\t\t\t\t\t<\/div>\n\t\t<div role=\"region\" aria-labelledby=\"e-n-accordion-item-6481\" class=\"elementor-element elementor-element-c7ed0ea e-con-full e-grid e-con e-child\" data-id=\"c7ed0ea\" data-element_type=\"container\" data-e-type=\"container\">\n\t\t\t\t<div class=\"elementor-element elementor-element-cad833b e-n-tabs-mobile elementor-widget elementor-widget-n-tabs\" data-id=\"cad833b\" data-element_type=\"widget\" data-e-type=\"widget\" data-settings=\"{&quot;horizontal_scroll&quot;:&quot;disable&quot;}\" data-widget_type=\"nested-tabs.default\">\n\t\t\t\t\t\t\t<div class=\"e-n-tabs\" data-widget-number=\"212697915\" aria-label=\"Pesta\u00f1as. Abre elementos con Intro o Espacio, ci\u00e9rralos con Escape y navega con las fechas.\">\n\t\t\t<div class=\"e-n-tabs-heading\" role=\"tablist\">\n\t\t\t\t\t<button id=\"e-n-tab-title-2126979151\" data-tab-title-id=\"e-n-tab-title-2126979151\" class=\"e-n-tab-title\" aria-selected=\"true\" data-tab-index=\"1\" role=\"tab\" tabindex=\"0\" aria-controls=\"e-n-tab-content-2126979151\" style=\"--n-tabs-title-order: 1;\">\n\t\t\t\t\t\t<span class=\"e-n-tab-title-text\">\n\t\t\t\tA\t\t\t<\/span>\n\t\t<\/button>\n\t\t\t\t<button id=\"e-n-tab-title-2126979152\" data-tab-title-id=\"e-n-tab-title-2126979152\" class=\"e-n-tab-title\" aria-selected=\"false\" data-tab-index=\"2\" role=\"tab\" tabindex=\"-1\" aria-controls=\"e-n-tab-content-2126979152\" style=\"--n-tabs-title-order: 2;\">\n\t\t\t\t\t\t<span class=\"e-n-tab-title-text\">\n\t\t\t\tB - C\t\t\t<\/span>\n\t\t<\/button>\n\t\t\t\t<button id=\"e-n-tab-title-2126979153\" data-tab-title-id=\"e-n-tab-title-2126979153\" class=\"e-n-tab-title\" aria-selected=\"false\" data-tab-index=\"3\" role=\"tab\" tabindex=\"-1\" aria-controls=\"e-n-tab-content-2126979153\" style=\"--n-tabs-title-order: 3;\">\n\t\t\t\t\t\t<span class=\"e-n-tab-title-text\">\n\t\t\t\tD - E\t\t\t<\/span>\n\t\t<\/button>\n\t\t\t\t<button id=\"e-n-tab-title-2126979154\" data-tab-title-id=\"e-n-tab-title-2126979154\" class=\"e-n-tab-title\" aria-selected=\"false\" data-tab-index=\"4\" role=\"tab\" tabindex=\"-1\" aria-controls=\"e-n-tab-content-2126979154\" style=\"--n-tabs-title-order: 4;\">\n\t\t\t\t\t\t<span class=\"e-n-tab-title-text\">\n\t\t\t\tF - G\t\t\t<\/span>\n\t\t<\/button>\n\t\t\t\t<button id=\"e-n-tab-title-2126979155\" data-tab-title-id=\"e-n-tab-title-2126979155\" class=\"e-n-tab-title\" aria-selected=\"false\" data-tab-index=\"5\" role=\"tab\" tabindex=\"-1\" aria-controls=\"e-n-tab-content-2126979155\" style=\"--n-tabs-title-order: 5;\">\n\t\t\t\t\t\t<span class=\"e-n-tab-title-text\">\n\t\t\t\tH\t\t\t<\/span>\n\t\t<\/button>\n\t\t\t\t<button id=\"e-n-tab-title-2126979156\" data-tab-title-id=\"e-n-tab-title-2126979156\" class=\"e-n-tab-title\" aria-selected=\"false\" data-tab-index=\"6\" role=\"tab\" tabindex=\"-1\" aria-controls=\"e-n-tab-content-2126979156\" style=\"--n-tabs-title-order: 6;\">\n\t\t\t\t\t\t<span class=\"e-n-tab-title-text\">\n\t\t\t\tI\t\t\t<\/span>\n\t\t<\/button>\n\t\t\t\t<button id=\"e-n-tab-title-2126979157\" data-tab-title-id=\"e-n-tab-title-2126979157\" class=\"e-n-tab-title\" aria-selected=\"false\" data-tab-index=\"7\" role=\"tab\" tabindex=\"-1\" aria-controls=\"e-n-tab-content-2126979157\" style=\"--n-tabs-title-order: 7;\">\n\t\t\t\t\t\t<span class=\"e-n-tab-title-text\">\n\t\t\t\tJ\t\t\t<\/span>\n\t\t<\/button>\n\t\t\t\t<button id=\"e-n-tab-title-2126979158\" data-tab-title-id=\"e-n-tab-title-2126979158\" class=\"e-n-tab-title\" aria-selected=\"false\" data-tab-index=\"8\" role=\"tab\" tabindex=\"-1\" aria-controls=\"e-n-tab-content-2126979158\" style=\"--n-tabs-title-order: 8;\">\n\t\t\t\t\t\t<span class=\"e-n-tab-title-text\">\n\t\t\t\tK\t\t\t<\/span>\n\t\t<\/button>\n\t\t\t\t<button id=\"e-n-tab-title-2126979159\" data-tab-title-id=\"e-n-tab-title-2126979159\" class=\"e-n-tab-title\" aria-selected=\"false\" data-tab-index=\"9\" role=\"tab\" tabindex=\"-1\" aria-controls=\"e-n-tab-content-2126979159\" style=\"--n-tabs-title-order: 9;\">\n\t\t\t\t\t\t<span class=\"e-n-tab-title-text\">\n\t\t\t\tL\t\t\t<\/span>\n\t\t<\/button>\n\t\t\t\t<button id=\"e-n-tab-title-21269791510\" data-tab-title-id=\"e-n-tab-title-21269791510\" class=\"e-n-tab-title\" aria-selected=\"false\" data-tab-index=\"10\" role=\"tab\" tabindex=\"-1\" aria-controls=\"e-n-tab-content-21269791510\" style=\"--n-tabs-title-order: 10;\">\n\t\t\t\t\t\t<span class=\"e-n-tab-title-text\">\n\t\t\t\tM\t\t\t<\/span>\n\t\t<\/button>\n\t\t\t\t<button id=\"e-n-tab-title-21269791511\" data-tab-title-id=\"e-n-tab-title-21269791511\" class=\"e-n-tab-title\" aria-selected=\"false\" data-tab-index=\"11\" role=\"tab\" tabindex=\"-1\" aria-controls=\"e-n-tab-content-21269791511\" style=\"--n-tabs-title-order: 11;\">\n\t\t\t\t\t<span class=\"e-n-tab-icon\">\n\t\t\t<svg aria-hidden=\"true\" class=\"e-font-icon-svg e-fas-user-edit\" viewBox=\"0 0 640 512\" xmlns=\"http:\/\/www.w3.org\/2000\/svg\"><path d=\"M224 256c70.7 0 128-57.3 128-128S294.7 0 224 0 96 57.3 96 128s57.3 128 128 128zm89.6 32h-16.7c-22.2 10.2-46.9 16-72.9 16s-50.6-5.8-72.9-16h-16.7C60.2 288 0 348.2 0 422.4V464c0 26.5 21.5 48 48 48h274.9c-2.4-6.8-3.4-14-2.6-21.3l6.8-60.9 1.2-11.1 7.9-7.9 77.3-77.3c-24.5-27.7-60-45.5-99.9-45.5zm45.3 145.3l-6.8 61c-1.1 10.2 7.5 18.8 17.6 17.6l60.9-6.8 137.9-137.9-71.7-71.7-137.9 137.8zM633 268.9L595.1 231c-9.3-9.3-24.5-9.3-33.8 0l-37.8 37.8-4.1 4.1 71.8 71.7 41.8-41.8c9.3-9.4 9.3-24.5 0-33.9z\"><\/path><\/svg>\t\t\t<svg aria-hidden=\"true\" class=\"e-font-icon-svg e-fas-user-edit\" viewBox=\"0 0 640 512\" xmlns=\"http:\/\/www.w3.org\/2000\/svg\"><path d=\"M224 256c70.7 0 128-57.3 128-128S294.7 0 224 0 96 57.3 96 128s57.3 128 128 128zm89.6 32h-16.7c-22.2 10.2-46.9 16-72.9 16s-50.6-5.8-72.9-16h-16.7C60.2 288 0 348.2 0 422.4V464c0 26.5 21.5 48 48 48h274.9c-2.4-6.8-3.4-14-2.6-21.3l6.8-60.9 1.2-11.1 7.9-7.9 77.3-77.3c-24.5-27.7-60-45.5-99.9-45.5zm45.3 145.3l-6.8 61c-1.1 10.2 7.5 18.8 17.6 17.6l60.9-6.8 137.9-137.9-71.7-71.7-137.9 137.8zM633 268.9L595.1 231c-9.3-9.3-24.5-9.3-33.8 0l-37.8 37.8-4.1 4.1 71.8 71.7 41.8-41.8c9.3-9.4 9.3-24.5 0-33.9z\"><\/path><\/svg>\t\t<\/span>\n\t\t\t\t\t<span class=\"e-n-tab-title-text\">\n\t\t\t\tAutores\t\t\t<\/span>\n\t\t<\/button>\n\t\t\t\t<button id=\"e-n-tab-title-21269791512\" data-tab-title-id=\"e-n-tab-title-21269791512\" class=\"e-n-tab-title\" aria-selected=\"false\" data-tab-index=\"12\" role=\"tab\" tabindex=\"-1\" aria-controls=\"e-n-tab-content-21269791512\" style=\"--n-tabs-title-order: 12;\">\n\t\t\t\t\t<span class=\"e-n-tab-icon\">\n\t\t\t<svg aria-hidden=\"true\" class=\"e-font-icon-svg e-fas-book\" viewBox=\"0 0 448 512\" xmlns=\"http:\/\/www.w3.org\/2000\/svg\"><path d=\"M448 360V24c0-13.3-10.7-24-24-24H96C43 0 0 43 0 96v320c0 53 43 96 96 96h328c13.3 0 24-10.7 24-24v-16c0-7.5-3.5-14.3-8.9-18.7-4.2-15.4-4.2-59.3 0-74.7 5.4-4.3 8.9-11.1 8.9-18.6zM128 134c0-3.3 2.7-6 6-6h212c3.3 0 6 2.7 6 6v20c0 3.3-2.7 6-6 6H134c-3.3 0-6-2.7-6-6v-20zm0 64c0-3.3 2.7-6 6-6h212c3.3 0 6 2.7 6 6v20c0 3.3-2.7 6-6 6H134c-3.3 0-6-2.7-6-6v-20zm253.4 250H96c-17.7 0-32-14.3-32-32 0-17.6 14.4-32 32-32h285.4c-1.9 17.1-1.9 46.9 0 64z\"><\/path><\/svg>\t\t\t<svg aria-hidden=\"true\" class=\"e-font-icon-svg e-fas-book\" viewBox=\"0 0 448 512\" xmlns=\"http:\/\/www.w3.org\/2000\/svg\"><path d=\"M448 360V24c0-13.3-10.7-24-24-24H96C43 0 0 43 0 96v320c0 53 43 96 96 96h328c13.3 0 24-10.7 24-24v-16c0-7.5-3.5-14.3-8.9-18.7-4.2-15.4-4.2-59.3 0-74.7 5.4-4.3 8.9-11.1 8.9-18.6zM128 134c0-3.3 2.7-6 6-6h212c3.3 0 6 2.7 6 6v20c0 3.3-2.7 6-6 6H134c-3.3 0-6-2.7-6-6v-20zm0 64c0-3.3 2.7-6 6-6h212c3.3 0 6 2.7 6 6v20c0 3.3-2.7 6-6 6H134c-3.3 0-6-2.7-6-6v-20zm253.4 250H96c-17.7 0-32-14.3-32-32 0-17.6 14.4-32 32-32h285.4c-1.9 17.1-1.9 46.9 0 64z\"><\/path><\/svg>\t\t<\/span>\n\t\t\t\t\t<span class=\"e-n-tab-title-text\">\n\t\t\t\tBibliograf\u00eda\t\t\t<\/span>\n\t\t<\/button>\n\t\t\t\t<button id=\"e-n-tab-title-21269791513\" data-tab-title-id=\"e-n-tab-title-21269791513\" class=\"e-n-tab-title\" aria-selected=\"false\" data-tab-index=\"13\" role=\"tab\" tabindex=\"-1\" aria-controls=\"e-n-tab-content-21269791513\" style=\"--n-tabs-title-order: 13;\">\n\t\t\t\t\t<span class=\"e-n-tab-icon\">\n\t\t\t<svg aria-hidden=\"true\" class=\"e-font-icon-svg e-fas-file-download\" viewBox=\"0 0 384 512\" xmlns=\"http:\/\/www.w3.org\/2000\/svg\"><path d=\"M224 136V0H24C10.7 0 0 10.7 0 24v464c0 13.3 10.7 24 24 24h336c13.3 0 24-10.7 24-24V160H248c-13.2 0-24-10.8-24-24zm76.45 211.36l-96.42 95.7c-6.65 6.61-17.39 6.61-24.04 0l-96.42-95.7C73.42 337.29 80.54 320 94.82 320H160v-80c0-8.84 7.16-16 16-16h32c8.84 0 16 7.16 16 16v80h65.18c14.28 0 21.4 17.29 11.27 27.36zM377 105L279.1 7c-4.5-4.5-10.6-7-17-7H256v128h128v-6.1c0-6.3-2.5-12.4-7-16.9z\"><\/path><\/svg>\t\t\t<svg aria-hidden=\"true\" class=\"e-font-icon-svg e-fas-file-download\" viewBox=\"0 0 384 512\" xmlns=\"http:\/\/www.w3.org\/2000\/svg\"><path d=\"M224 136V0H24C10.7 0 0 10.7 0 24v464c0 13.3 10.7 24 24 24h336c13.3 0 24-10.7 24-24V160H248c-13.2 0-24-10.8-24-24zm76.45 211.36l-96.42 95.7c-6.65 6.61-17.39 6.61-24.04 0l-96.42-95.7C73.42 337.29 80.54 320 94.82 320H160v-80c0-8.84 7.16-16 16-16h32c8.84 0 16 7.16 16 16v80h65.18c14.28 0 21.4 17.29 11.27 27.36zM377 105L279.1 7c-4.5-4.5-10.6-7-17-7H256v128h128v-6.1c0-6.3-2.5-12.4-7-16.9z\"><\/path><\/svg>\t\t<\/span>\n\t\t\t\t\t<span class=\"e-n-tab-title-text\">\n\t\t\t\tDescargar Gu\u00eda\t\t\t<\/span>\n\t\t<\/button>\n\t\t\t\t\t<\/div>\n\t\t\t<div class=\"e-n-tabs-content\">\n\t\t\t\t<div role=\"region tabpanel\" aria-labelledby=\"e-n-accordion-item-6481 e-n-tab-title-2126979151\" id=\"e-n-tab-content-2126979151\" data-tab-index=\"1\" style=\"--n-tabs-title-order: 1;\" class=\"e-active elementor-element elementor-element-563e28b e-con-full e-grid e-con e-child\" data-id=\"563e28b\" data-element_type=\"container\" data-e-type=\"container\" data-settings=\"{&quot;background_background&quot;:&quot;classic&quot;}\">\n\t\t<div role=\"region\" aria-labelledby=\"e-n-accordion-item-6481\" class=\"elementor-element elementor-element-e5e47cf e-con-full e-flex e-con e-child\" data-id=\"e5e47cf\" data-element_type=\"container\" data-e-type=\"container\">\n\t\t<div role=\"region\" aria-labelledby=\"e-n-accordion-item-6481\" class=\"elementor-element elementor-element-f7115c8 e-con-full e-flex e-con e-child\" data-id=\"f7115c8\" data-element_type=\"container\" data-e-type=\"container\">\n\t\t\t\t<div class=\"elementor-element elementor-element-98db751 elementor-widget elementor-widget-text-editor\" data-id=\"98db751\" data-element_type=\"widget\" data-e-type=\"widget\" data-widget_type=\"text-editor.default\">\n\t\t\t\t\t\t\t\t\t<p><span style=\"color: #338fff;\"><b>Generalidades<\/b><\/span><\/p><p>El asma es la enfermedad cr\u00f3nica m\u00e1s frecuente a nivel mundial, especialmente en ni\u00f1os. En estas pautas enfatizaremos lo sencillo y pr\u00e1ctico, buscando \u00f3ptimo empleo de los recursos efectivos disponibles; su manejo va mucho m\u00e1s all\u00e1 de las crisis. La ausencia de control de la enfermedad es una realidad de gran impacto sobre la poblaci\u00f3n venezolana, algo no suficientemente apreciado. La persistencia de s\u00edntomas perturba de manera importante la calidad de vida del paciente, a los familiares y el entorno inmediato; el pobre rendimiento, ausentismo escolar \/laboral, elevados costos de atenci\u00f3n m\u00e9dica, medicamentos son aspectos relacionados (1-2).<\/p>\t\t\t\t\t\t\t\t<\/div>\n\t\t\t\t<div class=\"elementor-element elementor-element-01331c0 elementor-widget elementor-widget-text-editor\" data-id=\"01331c0\" data-element_type=\"widget\" data-e-type=\"widget\" data-widget_type=\"text-editor.default\">\n\t\t\t\t\t\t\t\t\t<p><span style=\"color: #338fff;\"><b>El asma<\/b><\/span><\/p><p>Es una enfermedad heterog\u00e9nea causada por inflamaci\u00f3n cr\u00f3nica y recurrente del bronquio, que se traduce en signos de dificultad para respirar, debidos a la obstrucci\u00f3n del libre flujo del aire en las v\u00edas respiratorias, que puede ser demostrada en pruebas de funci\u00f3n pulmonar (2,3). El diagn\u00f3stico es principalmente cl\u00ednico, y pensamos en ella cuando conseguimos (2-5):<\/p>\t\t\t\t\t\t\t\t<\/div>\n\t\t\t\t<\/div>\n\t\t\t\t<\/div>\n\t\t<div role=\"region\" aria-labelledby=\"e-n-accordion-item-6481\" class=\"elementor-element elementor-element-1d90a2d e-con-full e-flex e-con e-child\" data-id=\"1d90a2d\" data-element_type=\"container\" data-e-type=\"container\">\n\t\t\t\t<div class=\"elementor-element elementor-element-547278f elementor-widget__width-initial elementor-widget elementor-widget-image\" data-id=\"547278f\" data-element_type=\"widget\" data-e-type=\"widget\" data-widget_type=\"image.default\">\n\t\t\t\t\t\t\t\t\t\t\t\t\t\t\t\t<a href=\"https:\/\/videoteca.svpediatria.org\/wp-content\/uploads\/2025\/09\/TablaA1-Manejo-del-Asma.jpg\">\n\t\t\t\t\t\t\t<img loading=\"lazy\" decoding=\"async\" width=\"934\" height=\"162\" src=\"https:\/\/videoteca.svpediatria.org\/wp-content\/uploads\/2025\/09\/TablaA1-Manejo-del-Asma.jpg\" class=\"attachment-large size-large wp-image-1102\" alt=\"\" srcset=\"https:\/\/videoteca.svpediatria.org\/wp-content\/uploads\/2025\/09\/TablaA1-Manejo-del-Asma.jpg 934w, https:\/\/videoteca.svpediatria.org\/wp-content\/uploads\/2025\/09\/TablaA1-Manejo-del-Asma-300x52.jpg 300w, https:\/\/videoteca.svpediatria.org\/wp-content\/uploads\/2025\/09\/TablaA1-Manejo-del-Asma-768x133.jpg 768w, https:\/\/videoteca.svpediatria.org\/wp-content\/uploads\/2025\/09\/TablaA1-Manejo-del-Asma-930x162.jpg 930w\" sizes=\"(max-width: 934px) 100vw, 934px\" \/>\t\t\t\t\t\t\t\t<\/a>\n\t\t\t\t\t\t\t\t\t\t\t\t\t\t\t<\/div>\n\t\t\t\t<div class=\"elementor-element elementor-element-68b61d2 elementor-widget elementor-widget-text-editor\" data-id=\"68b61d2\" data-element_type=\"widget\" data-e-type=\"widget\" data-widget_type=\"text-editor.default\">\n\t\t\t\t\t\t\t\t\t<p><span style=\"font-family: 'Times New Roman', serif; font-weight: bold; text-align: justify;\">\u00bf<\/span><span style=\"color: #999999;\"><b>C\u00f3mo se diagnostica? (2, 3, 7, 32, 35, 37)\u00a0<\/b><\/span><\/p>\t\t\t\t\t\t\t\t<\/div>\n\t\t\t\t<div class=\"elementor-element elementor-element-23dd85f elementor-widget__width-initial elementor-widget elementor-widget-image\" data-id=\"23dd85f\" data-element_type=\"widget\" data-e-type=\"widget\" data-widget_type=\"image.default\">\n\t\t\t\t\t\t\t\t\t\t\t\t\t\t\t\t<a href=\"https:\/\/videoteca.svpediatria.org\/wp-content\/uploads\/2025\/09\/Esquema1A-Manejo-del-asma-scaled.jpg\">\n\t\t\t\t\t\t\t<img loading=\"lazy\" decoding=\"async\" width=\"1024\" height=\"380\" src=\"https:\/\/videoteca.svpediatria.org\/wp-content\/uploads\/2025\/09\/Esquema1A-Manejo-del-asma-1024x380.jpg\" class=\"attachment-large size-large wp-image-1103\" alt=\"\" srcset=\"https:\/\/videoteca.svpediatria.org\/wp-content\/uploads\/2025\/09\/Esquema1A-Manejo-del-asma-1024x380.jpg 1024w, https:\/\/videoteca.svpediatria.org\/wp-content\/uploads\/2025\/09\/Esquema1A-Manejo-del-asma-300x111.jpg 300w, https:\/\/videoteca.svpediatria.org\/wp-content\/uploads\/2025\/09\/Esquema1A-Manejo-del-asma-768x285.jpg 768w, https:\/\/videoteca.svpediatria.org\/wp-content\/uploads\/2025\/09\/Esquema1A-Manejo-del-asma-1536x570.jpg 1536w, https:\/\/videoteca.svpediatria.org\/wp-content\/uploads\/2025\/09\/Esquema1A-Manejo-del-asma-2048x759.jpg 2048w\" sizes=\"(max-width: 1024px) 100vw, 1024px\" \/>\t\t\t\t\t\t\t\t<\/a>\n\t\t\t\t\t\t\t\t\t\t\t\t\t\t\t<\/div>\n\t\t\t\t<div class=\"elementor-element elementor-element-72fd342 elementor-widget__width-initial elementor-widget elementor-widget-image\" data-id=\"72fd342\" data-element_type=\"widget\" data-e-type=\"widget\" data-widget_type=\"image.default\">\n\t\t\t\t\t\t\t\t\t\t\t\t\t\t\t\t<a href=\"https:\/\/videoteca.svpediatria.org\/wp-content\/uploads\/2025\/09\/TablaA2-Manejo-del-asma.jpg\">\n\t\t\t\t\t\t\t<img loading=\"lazy\" decoding=\"async\" width=\"1024\" height=\"425\" src=\"https:\/\/videoteca.svpediatria.org\/wp-content\/uploads\/2025\/09\/TablaA2-Manejo-del-asma-1024x425.jpg\" class=\"attachment-large size-large wp-image-1104\" alt=\"\" srcset=\"https:\/\/videoteca.svpediatria.org\/wp-content\/uploads\/2025\/09\/TablaA2-Manejo-del-asma-1024x425.jpg 1024w, https:\/\/videoteca.svpediatria.org\/wp-content\/uploads\/2025\/09\/TablaA2-Manejo-del-asma-300x124.jpg 300w, https:\/\/videoteca.svpediatria.org\/wp-content\/uploads\/2025\/09\/TablaA2-Manejo-del-asma-768x319.jpg 768w, https:\/\/videoteca.svpediatria.org\/wp-content\/uploads\/2025\/09\/TablaA2-Manejo-del-asma.jpg 1186w\" sizes=\"(max-width: 1024px) 100vw, 1024px\" \/>\t\t\t\t\t\t\t\t<\/a>\n\t\t\t\t\t\t\t\t\t\t\t\t\t\t\t<\/div>\n\t\t\t\t<\/div>\n\t\t\t\t<\/div>\n\t\t<div role=\"region tabpanel\" aria-labelledby=\"e-n-accordion-item-6481 e-n-tab-title-2126979152\" id=\"e-n-tab-content-2126979152\" data-tab-index=\"2\" style=\"--n-tabs-title-order: 2;\" class=\" elementor-element elementor-element-748e2cd e-grid e-con-boxed e-con e-child\" data-id=\"748e2cd\" data-element_type=\"container\" data-e-type=\"container\">\n\t\t\t\t\t<div class=\"e-con-inner\">\n\t\t<div role=\"region\" aria-labelledby=\"e-n-accordion-item-6481\" class=\"elementor-element elementor-element-8a16971 e-con-full e-grid e-con e-child\" data-id=\"8a16971\" data-element_type=\"container\" data-e-type=\"container\">\n\t\t\t\t<div class=\"elementor-element elementor-element-136f41d elementor-widget elementor-widget-text-editor\" data-id=\"136f41d\" data-element_type=\"widget\" data-e-type=\"widget\" data-widget_type=\"text-editor.default\">\n\t\t\t\t\t\t\t\t\t<p><span style=\"color: #338fff;\"><b>Diagn\u00f3stico diferencial<\/b><\/span><\/p><p>Las principales patolog\u00edas con las que debemos hacer diagn\u00f3stico diferencial son (2, 4-6)<\/p>\t\t\t\t\t\t\t\t<\/div>\n\t\t\t\t<div class=\"elementor-element elementor-element-3c313d9 elementor-widget elementor-widget-image\" data-id=\"3c313d9\" data-element_type=\"widget\" data-e-type=\"widget\" data-widget_type=\"image.default\">\n\t\t\t\t\t\t\t\t\t\t\t\t\t\t\t\t<a href=\"https:\/\/videoteca.svpediatria.org\/wp-content\/uploads\/2025\/09\/TablaB1-Manejo-del-asma.jpg\">\n\t\t\t\t\t\t\t<img loading=\"lazy\" decoding=\"async\" width=\"934\" height=\"241\" src=\"https:\/\/videoteca.svpediatria.org\/wp-content\/uploads\/2025\/09\/TablaB1-Manejo-del-asma.jpg\" class=\"attachment-large size-large wp-image-1109\" alt=\"\" srcset=\"https:\/\/videoteca.svpediatria.org\/wp-content\/uploads\/2025\/09\/TablaB1-Manejo-del-asma.jpg 934w, https:\/\/videoteca.svpediatria.org\/wp-content\/uploads\/2025\/09\/TablaB1-Manejo-del-asma-300x77.jpg 300w, https:\/\/videoteca.svpediatria.org\/wp-content\/uploads\/2025\/09\/TablaB1-Manejo-del-asma-768x198.jpg 768w, https:\/\/videoteca.svpediatria.org\/wp-content\/uploads\/2025\/09\/TablaB1-Manejo-del-asma-930x241.jpg 930w\" sizes=\"(max-width: 934px) 100vw, 934px\" \/>\t\t\t\t\t\t\t\t<\/a>\n\t\t\t\t\t\t\t\t\t\t\t\t\t\t\t<\/div>\n\t\t\t\t<\/div>\n\t\t\t\t\t<\/div>\n\t\t\t\t<\/div>\n\t\t<div role=\"region tabpanel\" aria-labelledby=\"e-n-accordion-item-6481 e-n-tab-title-2126979153\" id=\"e-n-tab-content-2126979153\" data-tab-index=\"3\" style=\"--n-tabs-title-order: 3;\" class=\" elementor-element elementor-element-c3fa36f e-grid e-con-boxed e-con e-child\" data-id=\"c3fa36f\" data-element_type=\"container\" data-e-type=\"container\">\n\t\t\t\t\t<div class=\"e-con-inner\">\n\t\t<div role=\"region\" aria-labelledby=\"e-n-accordion-item-6481\" class=\"elementor-element elementor-element-f2abf7f e-con-full e-flex e-con e-child\" data-id=\"f2abf7f\" data-element_type=\"container\" data-e-type=\"container\">\n\t\t\t\t<div class=\"elementor-element elementor-element-85e1ffa elementor-widget elementor-widget-text-editor\" data-id=\"85e1ffa\" data-element_type=\"widget\" data-e-type=\"widget\" data-widget_type=\"text-editor.default\">\n\t\t\t\t\t\t\t\t\t<p><span style=\"color: #338fff;\"><b>Identificar factores de riesgo<\/b><\/span><\/p>\t\t\t\t\t\t\t\t<\/div>\n\t\t\t\t<div class=\"elementor-element elementor-element-ddd773c elementor-widget elementor-widget-image\" data-id=\"ddd773c\" data-element_type=\"widget\" data-e-type=\"widget\" data-widget_type=\"image.default\">\n\t\t\t\t\t\t\t\t\t\t\t\t\t\t\t\t<a href=\"https:\/\/videoteca.svpediatria.org\/wp-content\/uploads\/2025\/09\/TablaB1-Manejo-del-asma.jpg\">\n\t\t\t\t\t\t\t<img loading=\"lazy\" decoding=\"async\" width=\"934\" height=\"241\" src=\"https:\/\/videoteca.svpediatria.org\/wp-content\/uploads\/2025\/09\/TablaB1-Manejo-del-asma.jpg\" class=\"attachment-large size-large wp-image-1109\" alt=\"\" srcset=\"https:\/\/videoteca.svpediatria.org\/wp-content\/uploads\/2025\/09\/TablaB1-Manejo-del-asma.jpg 934w, https:\/\/videoteca.svpediatria.org\/wp-content\/uploads\/2025\/09\/TablaB1-Manejo-del-asma-300x77.jpg 300w, https:\/\/videoteca.svpediatria.org\/wp-content\/uploads\/2025\/09\/TablaB1-Manejo-del-asma-768x198.jpg 768w, https:\/\/videoteca.svpediatria.org\/wp-content\/uploads\/2025\/09\/TablaB1-Manejo-del-asma-930x241.jpg 930w\" sizes=\"(max-width: 934px) 100vw, 934px\" \/>\t\t\t\t\t\t\t\t<\/a>\n\t\t\t\t\t\t\t\t\t\t\t\t\t\t\t<\/div>\n\t\t\t\t<div class=\"elementor-element elementor-element-b6668ae elementor-widget elementor-widget-text-editor\" data-id=\"b6668ae\" data-element_type=\"widget\" data-e-type=\"widget\" data-widget_type=\"text-editor.default\">\n\t\t\t\t\t\t\t\t\t<p><span style=\"color: #338fff;\"><b>Identificar factores desencadenantes (6, 8, 31)<\/b><\/span><\/p>\t\t\t\t\t\t\t\t<\/div>\n\t\t\t\t<div class=\"elementor-element elementor-element-1f7b081 elementor-widget elementor-widget-image\" data-id=\"1f7b081\" data-element_type=\"widget\" data-e-type=\"widget\" data-widget_type=\"image.default\">\n\t\t\t\t\t\t\t\t\t\t\t\t\t\t\t\t<a href=\"https:\/\/videoteca.svpediatria.org\/wp-content\/uploads\/2025\/09\/TablaDE2-Manejo-del-asma.jpg\">\n\t\t\t\t\t\t\t<img loading=\"lazy\" decoding=\"async\" width=\"934\" height=\"215\" src=\"https:\/\/videoteca.svpediatria.org\/wp-content\/uploads\/2025\/09\/TablaDE2-Manejo-del-asma.jpg\" class=\"attachment-large size-large wp-image-1115\" alt=\"\" srcset=\"https:\/\/videoteca.svpediatria.org\/wp-content\/uploads\/2025\/09\/TablaDE2-Manejo-del-asma.jpg 934w, https:\/\/videoteca.svpediatria.org\/wp-content\/uploads\/2025\/09\/TablaDE2-Manejo-del-asma-300x69.jpg 300w, https:\/\/videoteca.svpediatria.org\/wp-content\/uploads\/2025\/09\/TablaDE2-Manejo-del-asma-768x177.jpg 768w, https:\/\/videoteca.svpediatria.org\/wp-content\/uploads\/2025\/09\/TablaDE2-Manejo-del-asma-930x215.jpg 930w\" sizes=\"(max-width: 934px) 100vw, 934px\" \/>\t\t\t\t\t\t\t\t<\/a>\n\t\t\t\t\t\t\t\t\t\t\t\t\t\t\t<\/div>\n\t\t\t\t<\/div>\n\t\t\t\t\t<\/div>\n\t\t\t\t<\/div>\n\t\t<div role=\"region tabpanel\" aria-labelledby=\"e-n-accordion-item-6481 e-n-tab-title-2126979154\" id=\"e-n-tab-content-2126979154\" data-tab-index=\"4\" style=\"--n-tabs-title-order: 4;\" class=\" elementor-element elementor-element-0348a6c e-flex e-con-boxed e-con e-child\" data-id=\"0348a6c\" data-element_type=\"container\" data-e-type=\"container\">\n\t\t\t\t\t<div class=\"e-con-inner\">\n\t\t\t\t<div class=\"elementor-element elementor-element-69b88f0 elementor-widget elementor-widget-text-editor\" data-id=\"69b88f0\" data-element_type=\"widget\" data-e-type=\"widget\" data-widget_type=\"text-editor.default\">\n\t\t\t\t\t\t\t\t\t<p><span style=\"color: #338fff;\"><b>Signos de enfermedad grave<\/b><\/span><\/p><p><a href=\"https:\/\/videoteca.svpediatria.org\/wp-content\/uploads\/2025\/09\/TablaFG1-Manejo-del-asma.jpg\"><img loading=\"lazy\" decoding=\"async\" class=\"alignnone wp-image-1123 size-full\" src=\"https:\/\/videoteca.svpediatria.org\/wp-content\/uploads\/2025\/09\/TablaFG1-Manejo-del-asma.jpg\" alt=\"\" width=\"934\" height=\"206\" srcset=\"https:\/\/videoteca.svpediatria.org\/wp-content\/uploads\/2025\/09\/TablaFG1-Manejo-del-asma.jpg 934w, https:\/\/videoteca.svpediatria.org\/wp-content\/uploads\/2025\/09\/TablaFG1-Manejo-del-asma-300x66.jpg 300w, https:\/\/videoteca.svpediatria.org\/wp-content\/uploads\/2025\/09\/TablaFG1-Manejo-del-asma-768x169.jpg 768w, https:\/\/videoteca.svpediatria.org\/wp-content\/uploads\/2025\/09\/TablaFG1-Manejo-del-asma-930x206.jpg 930w\" sizes=\"(max-width: 934px) 100vw, 934px\" \/><\/a><\/p>\t\t\t\t\t\t\t\t<\/div>\n\t\t\t\t<div class=\"elementor-element elementor-element-68fbca8 elementor-widget elementor-widget-text-editor\" data-id=\"68fbca8\" data-element_type=\"widget\" data-e-type=\"widget\" data-widget_type=\"text-editor.default\">\n\t\t\t\t\t\t\t\t\t<p><span style=\"color: #338fff;\"><b>Escala de enfermedad gravedad<\/b><\/span><\/p><p><a href=\"https:\/\/videoteca.svpediatria.org\/wp-content\/uploads\/2025\/09\/TablaFG2-Manejo-del-asma.jpg\"><img loading=\"lazy\" decoding=\"async\" class=\"alignnone wp-image-1124 size-full\" src=\"https:\/\/videoteca.svpediatria.org\/wp-content\/uploads\/2025\/09\/TablaFG2-Manejo-del-asma.jpg\" alt=\"\" width=\"934\" height=\"528\" srcset=\"https:\/\/videoteca.svpediatria.org\/wp-content\/uploads\/2025\/09\/TablaFG2-Manejo-del-asma.jpg 934w, https:\/\/videoteca.svpediatria.org\/wp-content\/uploads\/2025\/09\/TablaFG2-Manejo-del-asma-300x170.jpg 300w, https:\/\/videoteca.svpediatria.org\/wp-content\/uploads\/2025\/09\/TablaFG2-Manejo-del-asma-768x434.jpg 768w\" sizes=\"(max-width: 934px) 100vw, 934px\" \/><\/a><\/p>\t\t\t\t\t\t\t\t<\/div>\n\t\t\t\t<div class=\"elementor-element elementor-element-b30d57e elementor-widget elementor-widget-text-editor\" data-id=\"b30d57e\" data-element_type=\"widget\" data-e-type=\"widget\" data-widget_type=\"text-editor.default\">\n\t\t\t\t\t\t\t\t\t<p><a href=\"https:\/\/videoteca.svpediatria.org\/wp-content\/uploads\/2025\/09\/TablaFG3-Manejo-del-asma.jpg\"><img loading=\"lazy\" decoding=\"async\" class=\"alignnone wp-image-1125 size-full\" src=\"https:\/\/videoteca.svpediatria.org\/wp-content\/uploads\/2025\/09\/TablaFG3-Manejo-del-asma.jpg\" alt=\"\" width=\"934\" height=\"317\" srcset=\"https:\/\/videoteca.svpediatria.org\/wp-content\/uploads\/2025\/09\/TablaFG3-Manejo-del-asma.jpg 934w, https:\/\/videoteca.svpediatria.org\/wp-content\/uploads\/2025\/09\/TablaFG3-Manejo-del-asma-300x102.jpg 300w, https:\/\/videoteca.svpediatria.org\/wp-content\/uploads\/2025\/09\/TablaFG3-Manejo-del-asma-768x261.jpg 768w, https:\/\/videoteca.svpediatria.org\/wp-content\/uploads\/2025\/09\/TablaFG3-Manejo-del-asma-930x317.jpg 930w\" sizes=\"(max-width: 934px) 100vw, 934px\" \/><\/a><\/p>\t\t\t\t\t\t\t\t<\/div>\n\t\t\t\t\t<\/div>\n\t\t\t\t<\/div>\n\t\t<div role=\"region tabpanel\" aria-labelledby=\"e-n-accordion-item-6481 e-n-tab-title-2126979155\" id=\"e-n-tab-content-2126979155\" data-tab-index=\"5\" style=\"--n-tabs-title-order: 5;\" class=\" elementor-element elementor-element-755d8e4 e-grid e-con-boxed e-con e-child\" data-id=\"755d8e4\" data-element_type=\"container\" data-e-type=\"container\">\n\t\t\t\t\t<div class=\"e-con-inner\">\n\t\t<div role=\"region\" aria-labelledby=\"e-n-accordion-item-6481\" class=\"elementor-element elementor-element-678aaaa e-con-full e-flex e-con e-child\" data-id=\"678aaaa\" data-element_type=\"container\" data-e-type=\"container\">\n\t\t\t\t<div class=\"elementor-element elementor-element-6b1ff74 elementor-widget elementor-widget-text-editor\" data-id=\"6b1ff74\" data-element_type=\"widget\" data-e-type=\"widget\" data-widget_type=\"text-editor.default\">\n\t\t\t\t\t\t\t\t\t<p><span style=\"color: #338fff;\"><b>Criterios para acudir a la emergencia (11, 14, 28)<\/b><\/span><\/p><p><a href=\"https:\/\/videoteca.svpediatria.org\/wp-content\/uploads\/2025\/09\/TablaH-Manejo-del-asma-1.jpg\"><img loading=\"lazy\" decoding=\"async\" class=\"alignnone wp-image-1213 size-full\" src=\"https:\/\/videoteca.svpediatria.org\/wp-content\/uploads\/2025\/09\/TablaH-Manejo-del-asma-1.jpg\" alt=\"\" width=\"934\" height=\"258\" srcset=\"https:\/\/videoteca.svpediatria.org\/wp-content\/uploads\/2025\/09\/TablaH-Manejo-del-asma-1.jpg 934w, https:\/\/videoteca.svpediatria.org\/wp-content\/uploads\/2025\/09\/TablaH-Manejo-del-asma-1-300x83.jpg 300w, https:\/\/videoteca.svpediatria.org\/wp-content\/uploads\/2025\/09\/TablaH-Manejo-del-asma-1-768x212.jpg 768w, https:\/\/videoteca.svpediatria.org\/wp-content\/uploads\/2025\/09\/TablaH-Manejo-del-asma-1-930x258.jpg 930w\" sizes=\"(max-width: 934px) 100vw, 934px\" \/><\/a><\/p>\t\t\t\t\t\t\t\t<\/div>\n\t\t\t\t<\/div>\n\t\t\t\t\t<\/div>\n\t\t\t\t<\/div>\n\t\t<div role=\"region tabpanel\" aria-labelledby=\"e-n-accordion-item-6481 e-n-tab-title-2126979156\" id=\"e-n-tab-content-2126979156\" data-tab-index=\"6\" style=\"--n-tabs-title-order: 6;\" class=\" elementor-element elementor-element-288196c e-grid e-con-boxed e-con e-child\" data-id=\"288196c\" data-element_type=\"container\" data-e-type=\"container\">\n\t\t\t\t\t<div class=\"e-con-inner\">\n\t\t<div role=\"region\" aria-labelledby=\"e-n-accordion-item-6481\" class=\"elementor-element elementor-element-f8ab5f6 e-con-full e-flex e-con e-child\" data-id=\"f8ab5f6\" data-element_type=\"container\" data-e-type=\"container\">\n\t\t\t\t<div class=\"elementor-element elementor-element-654a014 elementor-widget elementor-widget-text-editor\" data-id=\"654a014\" data-element_type=\"widget\" data-e-type=\"widget\" data-widget_type=\"text-editor.default\">\n\t\t\t\t\t\t\t\t\t<p><span style=\"color: #338fff;\"><b>Criterios para hospitalizar (10, 14, 28)<\/b><\/span><\/p><p><a href=\"https:\/\/videoteca.svpediatria.org\/wp-content\/uploads\/2025\/09\/TablaI-Manejo-del-asma.jpg\"><img loading=\"lazy\" decoding=\"async\" class=\"alignnone wp-image-1220 size-full\" src=\"https:\/\/videoteca.svpediatria.org\/wp-content\/uploads\/2025\/09\/TablaI-Manejo-del-asma.jpg\" alt=\"\" width=\"934\" height=\"256\" srcset=\"https:\/\/videoteca.svpediatria.org\/wp-content\/uploads\/2025\/09\/TablaI-Manejo-del-asma.jpg 934w, https:\/\/videoteca.svpediatria.org\/wp-content\/uploads\/2025\/09\/TablaI-Manejo-del-asma-300x82.jpg 300w, https:\/\/videoteca.svpediatria.org\/wp-content\/uploads\/2025\/09\/TablaI-Manejo-del-asma-768x211.jpg 768w, https:\/\/videoteca.svpediatria.org\/wp-content\/uploads\/2025\/09\/TablaI-Manejo-del-asma-930x256.jpg 930w\" sizes=\"(max-width: 934px) 100vw, 934px\" \/><\/a><\/p>\t\t\t\t\t\t\t\t<\/div>\n\t\t\t\t<\/div>\n\t\t\t\t\t<\/div>\n\t\t\t\t<\/div>\n\t\t<div role=\"region tabpanel\" aria-labelledby=\"e-n-accordion-item-6481 e-n-tab-title-2126979157\" id=\"e-n-tab-content-2126979157\" data-tab-index=\"7\" style=\"--n-tabs-title-order: 7;\" class=\" elementor-element elementor-element-6630b23 e-grid e-con-boxed e-con e-child\" data-id=\"6630b23\" data-element_type=\"container\" data-e-type=\"container\">\n\t\t\t\t\t<div class=\"e-con-inner\">\n\t\t<div role=\"region\" aria-labelledby=\"e-n-accordion-item-6481\" class=\"elementor-element elementor-element-b17a8a4 e-con-full e-flex e-con e-child\" data-id=\"b17a8a4\" data-element_type=\"container\" data-e-type=\"container\">\n\t\t\t\t<div class=\"elementor-element elementor-element-f34e516 elementor-widget elementor-widget-text-editor\" data-id=\"f34e516\" data-element_type=\"widget\" data-e-type=\"widget\" data-widget_type=\"text-editor.default\">\n\t\t\t\t\t\t\t\t\t<p><span style=\"color: #338fff;\"><b>Criterios para ingreso a UCI (10, 14, 28)<\/b><\/span><\/p><p><a href=\"https:\/\/videoteca.svpediatria.org\/wp-content\/uploads\/2025\/09\/TablaJ-Manejo-del-asma.jpg\"><img loading=\"lazy\" decoding=\"async\" class=\"alignnone wp-image-1224 size-full\" src=\"https:\/\/videoteca.svpediatria.org\/wp-content\/uploads\/2025\/09\/TablaJ-Manejo-del-asma.jpg\" alt=\"\" width=\"934\" height=\"320\" srcset=\"https:\/\/videoteca.svpediatria.org\/wp-content\/uploads\/2025\/09\/TablaJ-Manejo-del-asma.jpg 934w, https:\/\/videoteca.svpediatria.org\/wp-content\/uploads\/2025\/09\/TablaJ-Manejo-del-asma-300x103.jpg 300w, https:\/\/videoteca.svpediatria.org\/wp-content\/uploads\/2025\/09\/TablaJ-Manejo-del-asma-768x263.jpg 768w, https:\/\/videoteca.svpediatria.org\/wp-content\/uploads\/2025\/09\/TablaJ-Manejo-del-asma-930x320.jpg 930w\" sizes=\"(max-width: 934px) 100vw, 934px\" \/><\/a><\/p>\t\t\t\t\t\t\t\t<\/div>\n\t\t\t\t<\/div>\n\t\t\t\t\t<\/div>\n\t\t\t\t<\/div>\n\t\t<div role=\"region tabpanel\" aria-labelledby=\"e-n-accordion-item-6481 e-n-tab-title-2126979158\" id=\"e-n-tab-content-2126979158\" data-tab-index=\"8\" style=\"--n-tabs-title-order: 8;\" class=\" elementor-element elementor-element-f324388 e-grid e-con-boxed e-con e-child\" data-id=\"f324388\" data-element_type=\"container\" data-e-type=\"container\">\n\t\t\t\t\t<div class=\"e-con-inner\">\n\t\t<div role=\"region\" aria-labelledby=\"e-n-accordion-item-6481\" class=\"elementor-element elementor-element-1858d92 e-con-full e-flex e-con e-child\" data-id=\"1858d92\" data-element_type=\"container\" data-e-type=\"container\">\n\t\t\t\t<div class=\"elementor-element elementor-element-44c3149 elementor-widget elementor-widget-text-editor\" data-id=\"44c3149\" data-element_type=\"widget\" data-e-type=\"widget\" data-widget_type=\"text-editor.default\">\n\t\t\t\t\t\t\t\t\t<p><span style=\"color: #338fff;\"><b style=\"color: #338fff;\">Tratamiento (2, 3, 15, 16, 17, 28, 29, 40)<\/b><\/span><\/p><p><a href=\"https:\/\/videoteca.svpediatria.org\/wp-content\/uploads\/2025\/09\/TablaK-Manejo-del-asma.jpg\"><img loading=\"lazy\" decoding=\"async\" class=\"alignnone wp-image-1231 size-full\" src=\"https:\/\/videoteca.svpediatria.org\/wp-content\/uploads\/2025\/09\/TablaK-Manejo-del-asma.jpg\" alt=\"\" width=\"934\" height=\"639\" srcset=\"https:\/\/videoteca.svpediatria.org\/wp-content\/uploads\/2025\/09\/TablaK-Manejo-del-asma.jpg 934w, https:\/\/videoteca.svpediatria.org\/wp-content\/uploads\/2025\/09\/TablaK-Manejo-del-asma-300x205.jpg 300w, https:\/\/videoteca.svpediatria.org\/wp-content\/uploads\/2025\/09\/TablaK-Manejo-del-asma-768x525.jpg 768w\" sizes=\"(max-width: 934px) 100vw, 934px\" \/><\/a><\/p><p><a href=\"https:\/\/videoteca.svpediatria.org\/wp-content\/uploads\/2025\/09\/Tablak2-Manejo-del-asma.jpg\"><img loading=\"lazy\" decoding=\"async\" class=\"alignnone wp-image-1235 size-full\" src=\"https:\/\/videoteca.svpediatria.org\/wp-content\/uploads\/2025\/09\/Tablak2-Manejo-del-asma.jpg\" alt=\"\" width=\"875\" height=\"695\" srcset=\"https:\/\/videoteca.svpediatria.org\/wp-content\/uploads\/2025\/09\/Tablak2-Manejo-del-asma.jpg 875w, https:\/\/videoteca.svpediatria.org\/wp-content\/uploads\/2025\/09\/Tablak2-Manejo-del-asma-300x238.jpg 300w, https:\/\/videoteca.svpediatria.org\/wp-content\/uploads\/2025\/09\/Tablak2-Manejo-del-asma-768x610.jpg 768w\" sizes=\"(max-width: 875px) 100vw, 875px\" \/><\/a><\/p>\t\t\t\t\t\t\t\t<\/div>\n\t\t\t\t<\/div>\n\t\t\t\t\t<\/div>\n\t\t\t\t<\/div>\n\t\t<div role=\"region tabpanel\" aria-labelledby=\"e-n-accordion-item-6481 e-n-tab-title-2126979159\" id=\"e-n-tab-content-2126979159\" data-tab-index=\"9\" style=\"--n-tabs-title-order: 9;\" class=\" elementor-element elementor-element-f8646b8 e-grid e-con-boxed e-con e-child\" data-id=\"f8646b8\" data-element_type=\"container\" data-e-type=\"container\">\n\t\t\t\t\t<div class=\"e-con-inner\">\n\t\t<div role=\"region\" aria-labelledby=\"e-n-accordion-item-6481\" class=\"elementor-element elementor-element-a0b2357 e-con-full e-flex e-con e-child\" data-id=\"a0b2357\" data-element_type=\"container\" data-e-type=\"container\">\n\t\t\t\t<div class=\"elementor-element elementor-element-61642b0 elementor-widget elementor-widget-text-editor\" data-id=\"61642b0\" data-element_type=\"widget\" data-e-type=\"widget\" data-widget_type=\"text-editor.default\">\n\t\t\t\t\t\t\t\t\t<p><span style=\"color: #338fff;\"><b style=\"color: #338fff;\">Recomendaciones (2, 18, 22, 41, 42)<\/b><\/span><\/p><ul><li>Diagn\u00f3stico y seguimiento temprano de asma, con adecuada medici\u00f3n de la funci\u00f3n pulmonar.<\/li><li>Buena adherencia a tratamiento. Informar al paciente acerca del control adecuado del asma, con acertadas expectativas.<\/li><li>Ense\u00f1ar el automanejo de la enfermedad y uso de pico flujo.<\/li><li>Registrar asma control test y entrenar en uso de test de adherencia a los inhaladores (TAI).<\/li><li>Uso correcto del espaciador (aeroc\u00e1mara). Los inhaladores de dosis medida, combinado con los espaciadores, presentan altos beneficios, asociados a bajo costo.<\/li><li>Solicitar el espaciador en cada consulta verificando estado del mismo, revisar la t\u00e9cnica empleada con el dispositivo e inhalador. Aconsejar guardar el dispositivo espaciador en una bolsa, preferible con cierre herm\u00e9tico.<\/li><li>Realizar las recomendaciones y plan por escrito, para facilitar el entendimiento te\u00f3rico y uso pr\u00e1ctico del paciente.<\/li><li>Evitar exposici\u00f3n a alergenos.<\/li><li>Tratamiento no farmacol\u00f3gico: &#8211; control ambiental a.- Humo del tabaco, Humedad , ejercicio f\u00edsico adecuado, factores psicol\u00f3gicos e, beneficios que se originan de la aplicaci\u00f3n general de restricci\u00f3n alimentaria, No restricci\u00f3n diet\u00e9tica en la madre durante la gestaci\u00f3n 2) Lactancia materna exclusiva por los primeros 6 meses de vida 3) Iniciar la alimentaci\u00f3n suplementaria despu\u00e9s de los 6 meses de vida 4) No existe evidencia cl\u00ednica suficiente para la utilizaci\u00f3n de las f\u00f3rmulas de soya en la prevenci\u00f3n de las alergias<\/li><li>Evaluar \u2013 Ajustar \u2013 Revisar.<\/li><\/ul><p><a href=\"https:\/\/videoteca.svpediatria.org\/wp-content\/uploads\/2025\/09\/EsquemaL-Manejo-del-asma.jpg\"><img loading=\"lazy\" decoding=\"async\" class=\"alignnone wp-image-1245 size-large\" src=\"https:\/\/videoteca.svpediatria.org\/wp-content\/uploads\/2025\/09\/EsquemaL-Manejo-del-asma-1024x433.jpg\" alt=\"\" width=\"1024\" height=\"433\" srcset=\"https:\/\/videoteca.svpediatria.org\/wp-content\/uploads\/2025\/09\/EsquemaL-Manejo-del-asma-1024x433.jpg 1024w, https:\/\/videoteca.svpediatria.org\/wp-content\/uploads\/2025\/09\/EsquemaL-Manejo-del-asma-300x127.jpg 300w, https:\/\/videoteca.svpediatria.org\/wp-content\/uploads\/2025\/09\/EsquemaL-Manejo-del-asma-768x325.jpg 768w, https:\/\/videoteca.svpediatria.org\/wp-content\/uploads\/2025\/09\/EsquemaL-Manejo-del-asma.jpg 1288w\" sizes=\"(max-width: 1024px) 100vw, 1024px\" \/><\/a><\/p>\t\t\t\t\t\t\t\t<\/div>\n\t\t\t\t<\/div>\n\t\t\t\t\t<\/div>\n\t\t\t\t<\/div>\n\t\t<div role=\"region tabpanel\" aria-labelledby=\"e-n-accordion-item-6481 e-n-tab-title-21269791510\" id=\"e-n-tab-content-21269791510\" data-tab-index=\"10\" style=\"--n-tabs-title-order: 10;\" class=\" elementor-element elementor-element-9b57a3e e-grid e-con-boxed e-con e-child\" data-id=\"9b57a3e\" data-element_type=\"container\" data-e-type=\"container\">\n\t\t\t\t\t<div class=\"e-con-inner\">\n\t\t<div role=\"region\" aria-labelledby=\"e-n-accordion-item-6481\" class=\"elementor-element elementor-element-9ef51c7 e-con-full e-flex e-con e-child\" data-id=\"9ef51c7\" data-element_type=\"container\" data-e-type=\"container\">\n\t\t\t\t<div class=\"elementor-element elementor-element-b30acb4 elementor-widget elementor-widget-text-editor\" data-id=\"b30acb4\" data-element_type=\"widget\" data-e-type=\"widget\" data-widget_type=\"text-editor.default\">\n\t\t\t\t\t\t\t\t\t<p><span style=\"color: #338fff;\"><b style=\"color: #338fff;\">Informaci\u00f3n para padres (19, 23, 24, 22)<\/b><\/span><\/p><p><a href=\"https:\/\/videoteca.svpediatria.org\/wp-content\/uploads\/2025\/09\/TablaM1-Manejo-del-asma.jpg\"><img loading=\"lazy\" decoding=\"async\" class=\"alignnone wp-image-1252 size-full\" src=\"https:\/\/videoteca.svpediatria.org\/wp-content\/uploads\/2025\/09\/TablaM1-Manejo-del-asma.jpg\" alt=\"\" width=\"934\" height=\"154\" srcset=\"https:\/\/videoteca.svpediatria.org\/wp-content\/uploads\/2025\/09\/TablaM1-Manejo-del-asma.jpg 934w, https:\/\/videoteca.svpediatria.org\/wp-content\/uploads\/2025\/09\/TablaM1-Manejo-del-asma-300x49.jpg 300w, https:\/\/videoteca.svpediatria.org\/wp-content\/uploads\/2025\/09\/TablaM1-Manejo-del-asma-768x127.jpg 768w, https:\/\/videoteca.svpediatria.org\/wp-content\/uploads\/2025\/09\/TablaM1-Manejo-del-asma-930x154.jpg 930w\" sizes=\"(max-width: 934px) 100vw, 934px\" \/><\/a><\/p><p><a href=\"https:\/\/videoteca.svpediatria.org\/wp-content\/uploads\/2025\/09\/TablaM2-Manejo-del-asma.jpg\"><img loading=\"lazy\" decoding=\"async\" class=\"alignnone wp-image-1253 size-full\" src=\"https:\/\/videoteca.svpediatria.org\/wp-content\/uploads\/2025\/09\/TablaM2-Manejo-del-asma.jpg\" alt=\"\" width=\"934\" height=\"397\" srcset=\"https:\/\/videoteca.svpediatria.org\/wp-content\/uploads\/2025\/09\/TablaM2-Manejo-del-asma.jpg 934w, https:\/\/videoteca.svpediatria.org\/wp-content\/uploads\/2025\/09\/TablaM2-Manejo-del-asma-300x128.jpg 300w, https:\/\/videoteca.svpediatria.org\/wp-content\/uploads\/2025\/09\/TablaM2-Manejo-del-asma-768x326.jpg 768w\" sizes=\"(max-width: 934px) 100vw, 934px\" \/><\/a><\/p><p><a href=\"https:\/\/videoteca.svpediatria.org\/wp-content\/uploads\/2025\/09\/TablaM3-Manejo-del-asma.jpg\"><img loading=\"lazy\" decoding=\"async\" class=\"alignnone wp-image-1254 size-full\" src=\"https:\/\/videoteca.svpediatria.org\/wp-content\/uploads\/2025\/09\/TablaM3-Manejo-del-asma.jpg\" alt=\"\" width=\"934\" height=\"230\" srcset=\"https:\/\/videoteca.svpediatria.org\/wp-content\/uploads\/2025\/09\/TablaM3-Manejo-del-asma.jpg 934w, https:\/\/videoteca.svpediatria.org\/wp-content\/uploads\/2025\/09\/TablaM3-Manejo-del-asma-300x74.jpg 300w, https:\/\/videoteca.svpediatria.org\/wp-content\/uploads\/2025\/09\/TablaM3-Manejo-del-asma-768x189.jpg 768w, https:\/\/videoteca.svpediatria.org\/wp-content\/uploads\/2025\/09\/TablaM3-Manejo-del-asma-930x230.jpg 930w\" sizes=\"(max-width: 934px) 100vw, 934px\" \/><\/a><\/p>\t\t\t\t\t\t\t\t<\/div>\n\t\t\t\t<\/div>\n\t\t\t\t\t<\/div>\n\t\t\t\t<\/div>\n\t\t<div role=\"region tabpanel\" aria-labelledby=\"e-n-accordion-item-6481 e-n-tab-title-21269791511\" id=\"e-n-tab-content-21269791511\" data-tab-index=\"11\" style=\"--n-tabs-title-order: 11;\" class=\" elementor-element elementor-element-6b79f95 e-grid e-con-boxed e-con e-child\" data-id=\"6b79f95\" data-element_type=\"container\" data-e-type=\"container\">\n\t\t\t\t\t<div class=\"e-con-inner\">\n\t\t<div role=\"region\" aria-labelledby=\"e-n-accordion-item-6481\" class=\"elementor-element elementor-element-78abdc0 e-con-full e-flex e-con e-child\" data-id=\"78abdc0\" data-element_type=\"container\" data-e-type=\"container\">\n\t\t\t\t<div class=\"elementor-element elementor-element-f7f90d4 elementor-widget elementor-widget-text-editor\" data-id=\"f7f90d4\" data-element_type=\"widget\" data-e-type=\"widget\" data-widget_type=\"text-editor.default\">\n\t\t\t\t\t\t\t\t\t<p><span style=\"color: #338fff;\"><b>AUTORES<\/b><\/span><\/p><p>Dra. Mart\u00ednez Julia<\/p><p>M\u00e9dico Cirujano U.L.A., Puericultor y Pediatra U.L.A., Neumon\u00f3logo Pediatra. U.C.V. (Hospital J.M. de los R\u00edos) ORCID: 0000-0003-2956-4910<\/p><p>Dr. Olivero-David Douglas<\/p><p>M\u00e9dico Cirujano U.L.A., Puericultor y Pediatra U.L.A., Neumon\u00f3logo Pediatra. Hospital Jos\u00e9 I. Baldo. ORCID: 0009-0003- 4102-4498<\/p><p>Dra. R\u00edos Meza, Ingrid V.<\/p><p>Dra. Rodr\u00edguez Aponte, Carol<\/p><p>M\u00e9dico Cirujano U.C.V., Puericultor y Pediatra U.C.V. (Hospital Jos\u00e9 I. Baldo)., Neumon\u00f3logo Pediatra. U.C.V. (Hospital J.M. de los R\u00edos) ORCID: 0009-0003-2125-7497<\/p>\t\t\t\t\t\t\t\t<\/div>\n\t\t\t\t<\/div>\n\t\t\t\t\t<\/div>\n\t\t\t\t<\/div>\n\t\t<div role=\"region tabpanel\" aria-labelledby=\"e-n-accordion-item-6481 e-n-tab-title-21269791512\" id=\"e-n-tab-content-21269791512\" data-tab-index=\"12\" style=\"--n-tabs-title-order: 12;\" class=\" elementor-element elementor-element-708e7c1 e-con-full e-grid e-con e-child\" data-id=\"708e7c1\" data-element_type=\"container\" data-e-type=\"container\">\n\t\t<div role=\"region\" aria-labelledby=\"e-n-accordion-item-6481\" class=\"elementor-element elementor-element-fbeb847 e-con-full e-flex e-con e-child\" data-id=\"fbeb847\" data-element_type=\"container\" data-e-type=\"container\">\n\t\t<div role=\"region\" aria-labelledby=\"e-n-accordion-item-6481\" class=\"elementor-element elementor-element-577ca5b e-con-full e-flex e-con e-child\" data-id=\"577ca5b\" data-element_type=\"container\" data-e-type=\"container\">\n\t\t\t\t<div class=\"elementor-element elementor-element-6b62298 elementor-widget elementor-widget-text-editor\" data-id=\"6b62298\" data-element_type=\"widget\" data-e-type=\"widget\" data-widget_type=\"text-editor.default\">\n\t\t\t\t\t\t\t\t\t<p><span style=\"color: #338fff;\"><strong>BIBLIOGRAF\u00cdA<\/strong><\/span><\/p><ol><li>van der Mark L, van Wonderen K, Mohrs J, van Aalderen W, en ter Riet G , Bindels P. Predicting asthma in preschool children at high risk presenting in primary care: development of a clinical asthma prediction score. Prim Care Respir J 2014; 23(1): 52-59.<\/li><li>Global Initiative for Asthma.\u00a0Global Strategy for Asthma Management and Prevention.\u00a02025. Disponible en: https:\/\/ginasthma.org\/2025-gina-summary-guide-mock-up\/\u00a0<\/li><li>GEMA 5.5.\u00a0Gu\u00eda Espa\u00f1ola para el Manejo del Asma, versi\u00f3n 5.5.\u00a0Madrid: SANED;\u00a02025.<\/li><li>Seo J, Kim H, Lee S, Jang G, Song D, Lee D, Kwon J, Kim J, Kim W, Jung Y, Hong S, Shim J. Asthma predictive index as a useful diagnostic tool in preschool Children: a cross-sectional study in Korea. Clin Exp Pediatr.\u00a02020;63(3):104-109. doi: 10.3345\/kjp.2019.00640.\u00a0Epub 2019 Nov 8.<\/li><li>Moral L, Vizmanos G, Torres J, Praena M, Tortajada M, Girb\u00e9s F, et al. Asthma diagnosis in infants and preschool children: a systematic review of clinical guidelines. Allergol Immunopathol. 2019;47(2):107-121.<\/li><li>Quintana J, M\u00e9ndez V, M\u00e9ndez Y, \u00c1lvarez J, Quinto B. Intervenci\u00f3n educativa sobre asma bronquial en padres de ni\u00f1os con esta enfermedad en Anzo\u00e1tegui, Venezuela. 2018; \u00a0Rev. inf. cient.\u00a0 [Internet];\u00a0 97( 1 ): 47-56<\/li><li>Bacharier L, Guilbert T, Jartti T, Saglani S, Wheezing W. Preschoolers Should be Treated for Asthma. J Allergy Clin Immunol Pract. 2021; 9(7):2611-2618. Doi:10.1016\/j.jaip.2021.02.045.\u00a0<\/li><li>Tovar I, Garc\u00eda M, Meza J, Romero J. El asma como problema de salud p\u00fablica. Definici\u00f3n. Factores de riesgo. Fenotipos. Arch Venez Puer Ped\u00a0v. 2010;73(2):48-54.\u00a0<\/li><li>Garc\u00eda-Sosa A, Orozco-Romero D, Iglesias-Leboreiro J, Bern\u00e1rdez-Zapata I, Rend\u00f3n-Mac\u00edas M. Escala Wood Downes-Ferr\u00e9s, una opci\u00f3n \u00fatil para identificar la gravedad en crisis asm\u00e1tica. 2018; 85(1): 11-16<\/li><li>Koppmann A. Manejo de la crisis de asma en ni\u00f1os en el servicio de urgencia. Preguntas frecuentes. Neumol Pediatr 2023; 18 (4): 112 &#8211; 114<\/li><li>Selmanoglu, A.; Celik, H.I.; Genis, C.; Kockuzu, E.; Emeksiz, Z.S.; Misirlioglu, E.D. Evaluation of Asthma Course in Patients Hospitalized in Pediatric Intensive Care Unit Due to Severe Asthma Exacerbation.\u00a0<em>Medicina<\/em>2025; 61(2):341. <a href=\"https:\/\/doi.org\/10.3390\/medicina61020341\">https:\/\/doi.org\/10.3390\/medicina61020341<\/a><\/li><li>Asensi M. Crisis de asma. Rev Pediatr Aten Primaria. Supl. 2017; 19(26):17-25.<\/li><li>Craig S, Dalziel S, Powell C, Graudins A, Babl F, Lunny C. Interventions for escalation of therapy for acute exacerbations of asthma in children: an overview of Cochrane Reviews. Cochrane Database Syst Rev. 2020;8(8): CD012977 DOI:10.1002\/14651858.CD012977.pub2.<\/li><li>Flores X. Asma bronquial en ni\u00f1os y factores de mal pron\u00f3stico. Revista Social Fronteriza; 2024;4(2): 218. <a href=\"https:\/\/doi.org\/10.59814\/resofro.2024.4(2)218\">https:\/\/doi.org\/10.59814\/resofro.<\/a><\/li><li>Villegas L, Silva M, Seguier J, Vela J, Desposorio J, Guti\u00e9rrez M. An\u00e1lisis comparativo de la Iniciativa Global para el Asma y las gu\u00edas sudamericanas para el diagn\u00f3stico, manejo y prevenci\u00f3n del asma en pacientes pedi\u00e1tricos. Medisur; 2023;21(6):1213-1223.<\/li><li>Bush A, Saglani S. Medical algorithm: Diagnosis and treatment of preschool Asthma. Allergy. 2020; 75(10): 2711-2712<\/li><li>Pruikkonen H, <a href=\"https:\/\/publications.ersnet.org\/search?query=&amp;f%5B0%5D=author%3ATerhi%20Tapiainen\">Tapiainen<\/a> T, <a href=\"https:\/\/publications.ersnet.org\/search?query=&amp;f%5B0%5D=author%3AMerja%20Kallio\">Kallio<\/a> M. Sulfato de magnesio intravenoso para las sibilancias agudas en ni\u00f1os peque\u00f1os: un ensayo aleatorizado doble ciego. Eur. Respir.\u00a0J. 2018; 51(2): 1701579; DOI:\u00a0<a href=\"https:\/\/doi.org\/10.1183\/13993003.01579-2017\">https:\/\/doi.org\/10.1183\/13993003.01579-2017<\/a><\/li><li>Rabe K, Adachi M, Lai C, Soriano J, Vermeire P, Weiss K, et al. Worldwide severity and control of asthma in children and adults: The global Asthma Insights and Reality surveys. J. Allergy Clin\u00a0Immunol. 2004; 114(1): 40-47 doi:10.1016\/j.jaci.2004.04.042<\/li><li>Chopra N, Oprescu N, Fask A, Oppenheimer J. Does introduction of new \u201ceasy to use\u201d inhalational devices improve medical personnel\u2019s knowledge of their proper use? Ann Allergy Asthma Immunol. 2002; 88(4):395-400 doi: 10.1016\/S1081-1206(10)62371-X<\/li><li>Spaggiari S, Gehri M, Di Benedetto L, Hafen G, Pauchard J, Gervaix A, Pannatier A, Sadeghipour F, Di Paolo E. Inhalation technique practical skills and knowledge among physicians and nurses in two pediatric emergency settings. J Asthma. 2021; 58(2):190-196. doi:10.1080\/02770903.2019.1674329<\/li><li>Vogelberg C. Preschool children with persistent asthmatic symptoms. Ther Clin Risk Manag. 2019;15:451\u2013460<\/li><li>Mel\u00e9ndez M, Barrios C, Machado L, Mel\u00e9ndez C. Tratamiento No Farmacol\u00f3gico Del Asma Bronquial. Arch. Venez.\u00a0Pueric.\u00a0Pediat. 2010; 73(3): 20-25.<\/li><li>Benito E,\u00a0 P\u00e9rez M,Bl\u00e1zquez I,\u00a0Arb\u00faes E,Solanas I,\u00a0 Navas C. Intervenciones educativas en asma infantil: Una revisi\u00f3n sistem\u00e1ticaEducational interventions in childhood asthma: A systematic review. 2024;<a href=\"https:\/\/www.sciencedirect.com\/journal\/atencion-primaria\/vol\/56\/issue\/1\">56(1<\/a>):<a href=\"https:\/\/doi.org\/10.1016\/j.aprim.2023.102721\">Doi.org\/10.1016\/j.aprim.2023.102721<\/a>. Falta Pagina<\/li><li>Searle A, Jago R, Henderson J, Turner K. Children\u2019s, parents\u2019 and health professionals\u2019 views on the management of childhood asthma: a qualitative study. Npj Primary Care Respiratory Medicine. 2017;27(53):1-6. Doi:10.1038\/s41533-017-0053-7.<\/li><li>Klok T, Kaptein A, Brand P. Non-adherence in children with asthma reviewed: The need for improvement of asthma care and medical education. Pediatr Allergy Immunol.2015: 26: 197\u2013205.<\/li><li>Reyna M, Dai R; Tran M, Breton V, Medeleanu M, Lou W, Foong R. Development of a Symptom-Based Tool for Screening of Children at High Risk of Preschool Asthma. JAMA Network Open. 2022;5(10):e2234714. doi:10.1001\/jamanetworkopen.2022.34714<\/li><li>Hancock S, Ahmed A and Gillespie M. Asthma Management Guideline for Infants greater than 2 years old. Sheffield Children\u00b4s NSH Foundation. 2023<\/li><li>Paniagua Calz\u00f3n N, Benito Fern\u00e1ndez J. Diagn\u00f3stico y tratamiento de la crisis asm\u00e1tica en Urgencias. Protoc diagn ter pediatr. 2020;1:49-61<\/li><li>Dominika Ambro\u017cej et al., Intravenous magnesium sulfate for asthma exacerbations in children: Systematic review with meta-analysis Paediatric Respiratory Reviews, <a href=\"https:\/\/doi.org\/10.1016\/j.prrv.2024.01.003\">https:\/\/doi.org\/10.1016\/j.prrv.2024.01.003<\/a><\/li><li>Torres Borrego J, Ortega Casanueva C, Tortajada-Girb\u00e9s M. Tratamiento del asma pedi\u00e1trica. tratamiento de la crisis de asma. Protoc diagn ter pediatr. 2019;2:117-32.<\/li><li>Moral Gil L, Asensi Monz\u00f3 M, Juli\u00e1 Benito JC, Ortega Casanueva C, Paniagua Calz\u00f3n NM, P\u00e9rez Garc\u00eda MI, Rodr\u00edguez Fern\u00e1ndez-Oliva CR, Sanz Ortega J, Valdesoiro Navarrete L, Valverde Molina J. Asma en pediatr\u00eda. Consenso regAp [Internet]. Alicante (Espa\u00f1a): Luis Moral; 2021. [revisi\u00f3n; consultado]. Disponible en: (URL)<\/li><li>Rory Chan, MB et al. Ascertainment of Small Airways Dysfunction Using Oscillometry to Better Define Asthma Control and Future Risk Are We Ready to Implement It in Clinical Practice?. CHEST 2024<\/li><li>Sirvent G\u00f3mez J. C\u00f3mo y cu\u00e1ndo diagnosticar asma. An Pediatr, Monogr 2004;2(1):48-55<\/li><li>Di Cicco M, Peroni DG, Ragazzo V, Comberiati P. Application of exhaled nitric oxide (FeNO) in pediatric asthma. Curr Opin Allergy Clin Immunol. 2021 Apr 1;21(2):151-158. doi: 10.1097\/ACI.0000000000000726. PMID: 33620882.<\/li><li>Bernasconi A, Beghetti M. Inhaled nitric oxide applications in paediatric practice. Images Paediatr Cardiol. 2002 Jan;4(1):4-29. PMID: 22368608; PMCID: PMC3232511.<\/li><li>Chaustre I, et al.\u00a0Diagn\u00f3stico de asma en el ni\u00f1o.<em>Arch Venez Puer Ped<\/em>[online]. 2010, vol.73, n.2 [citado\u00a0 2025-07-19], pp.66-72. Disponible en: &lt;http:\/\/ve.scielo.org\/scielo.php?script=sci_arttext&amp;pid=S0004-06492010000200010&amp;lng=es&amp;nrm=iso&gt;. ISSN 0004-0649<\/li><li>Evidence review for accuracy of skin prick test in children for the diagnosis of asthma: Asthma: diagnosis, monitoring and chronic asthma management (update): Evidence review D. London: National Institute for Health and Care Excellence (NICE); 2024 Nov. (NICE Guideline, No. 245.)\u00a0Available from: <a href=\"https:\/\/www.ncbi.nlm.nih.gov\/books\/NBK611995\/\">https:\/\/www.ncbi.nlm.nih.gov\/books\/NBK611995\/<\/a><\/li><li>Kaminsky DA, Simpson SJ, Berger KI, etal. Clinical significance and applications of oscillometry. <em>Eur Respir Rev<\/em> 2022; 31: 210208 [DOI:10.1183\/16000617.0208-2021]<\/li><li>Chan MRC et al. Skin-prick testing as a diagnostic aid for childhood asthma. <em>Pediatric Pulmonology<\/em> 2005 jan;l39(6): 558-562 <a href=\"https:\/\/doi.org\/10.1002\/ppul.20227\"><strong>https:\/\/doi.org\/10.1002\/ppul.20227<\/strong><\/a><\/li><li><a href=\"https:\/\/aeped.es\/comite-medicamentos\/pediamecum\/salbutamol\">https:\/\/aeped.es\/comite-medicamentos\/pediamecum\/salbutamol<\/a><\/li><li><a href=\"https:\/\/1aria.com\/entrada\/taitest-test-de-adherencia-a-los-inhaladores\">https:\/\/1aria.com\/entrada\/taitest-test-de-adherencia-a-los-inhaladores<\/a><\/li><li>Plaza V, Fern\u00e1ndez-Rodr\u00edguez C, Melero C, Cos\u00edo B, Entrenas L, de Llano L, et al. TAI Study Group. Validation of the &#8216;Test of the Adherence to Inhalers&#8217; (TAI) for Asthma and COPD Patients. J Aerosol Med Pulm Drug Deliv. 2016;29(2):142-52. doi: 10.1089\/jamp.2015.1212.<\/li><\/ol>\t\t\t\t\t\t\t\t<\/div>\n\t\t\t\t<\/div>\n\t\t\t\t<\/div>\n\t\t\t\t<\/div>\n\t\t<div role=\"region tabpanel\" aria-labelledby=\"e-n-accordion-item-6481 e-n-tab-title-21269791513\" id=\"e-n-tab-content-21269791513\" data-tab-index=\"13\" style=\"--n-tabs-title-order: 13;\" class=\" elementor-element elementor-element-dfcc59c e-flex e-con-boxed e-con e-child\" data-id=\"dfcc59c\" data-element_type=\"container\" data-e-type=\"container\">\n\t\t\t\t\t<div class=\"e-con-inner\">\n\t\t\t\t<div class=\"elementor-element elementor-element-d05cfec elementor-widget elementor-widget-text-editor\" data-id=\"d05cfec\" data-element_type=\"widget\" data-e-type=\"widget\" data-widget_type=\"text-editor.default\">\n\t\t\t\t\t\t\t\t\t<p style=\"text-align: center;\"><img loading=\"lazy\" decoding=\"async\" class=\"wp-image-845 aligncenter\" src=\"https:\/\/videoteca.svpediatria.org\/wp-content\/uploads\/2025\/09\/PDF_file_icon.svg_-244x300.png\" alt=\"\" width=\"52\" height=\"64\" srcset=\"https:\/\/videoteca.svpediatria.org\/wp-content\/uploads\/2025\/09\/PDF_file_icon.svg_-244x300.png 244w, https:\/\/videoteca.svpediatria.org\/wp-content\/uploads\/2025\/09\/PDF_file_icon.svg_.png 400w\" sizes=\"(max-width: 52px) 100vw, 52px\" \/><a href=\"https:\/\/videoteca.svpediatria.org\/wp-content\/uploads\/2025\/09\/Manejo-del-Asma.pdf\">Gu\u00eda Cl\u00ednica Manejo del asma<\/a><\/p>\t\t\t\t\t\t\t\t<\/div>\n\t\t\t\t\t<\/div>\n\t\t\t\t<\/div>\n\t\t\t\t\t<\/div>\n\t\t<\/div>\n\t\t\t\t\t\t<\/div>\n\t\t\t\t<\/div>\n\t\t\t\t\t<\/div>\n\t\t\t\t<\/div>\n\t\t\t\t<\/div>\n\t\t\t\t\t<\/details>\n\t\t\t\t\t<\/div>\n\t\t\t\t\t\t<\/div>\n\t\t\t\t<\/div>\n\t\t\t\t\t<\/div>\n\t\t\t\t<\/div>\n\t\t<div class=\"elementor-element elementor-element-9ff798f e-grid e-con-boxed e-con e-parent\" data-id=\"9ff798f\" data-element_type=\"container\" data-e-type=\"container\">\n\t\t\t\t\t<div class=\"e-con-inner\">\n\t\t<div class=\"elementor-element elementor-element-3cc91f5 e-grid e-con-full e-con e-child\" data-id=\"3cc91f5\" data-element_type=\"container\" data-e-type=\"container\">\n\t\t\t\t<div class=\"elementor-element elementor-element-3b8ed41 elementor-align-center elementor-widget elementor-widget-button\" data-id=\"3b8ed41\" data-element_type=\"widget\" data-e-type=\"widget\" data-widget_type=\"button.default\">\n\t\t\t\t\t\t\t\t\t\t<a class=\"elementor-button elementor-button-link elementor-size-sm elementor-animation-push\" href=\"https:\/\/videoteca.svpediatria.org\/wp-content\/uploads\/2025\/09\/Proyecto-Guias-Medicas.pdf\" target=\"_blank\">\n\t\t\t\t\t\t<span class=\"elementor-button-content-wrapper\">\n\t\t\t\t\t\t<span class=\"elementor-button-icon\">\n\t\t\t\t<svg aria-hidden=\"true\" class=\"e-font-icon-svg e-fas-book-medical\" viewBox=\"0 0 448 512\" xmlns=\"http:\/\/www.w3.org\/2000\/svg\"><path d=\"M448 358.4V25.6c0-16-9.6-25.6-25.6-25.6H96C41.6 0 0 41.6 0 96v320c0 54.4 41.6 96 96 96h326.4c12.8 0 25.6-9.6 25.6-25.6v-16q0-9.6-9.6-19.2c-3.2-16-3.2-60.8 0-73.6q9.6-4.8 9.6-19.2zM144 168a8 8 0 0 1 8-8h56v-56a8 8 0 0 1 8-8h48a8 8 0 0 1 8 8v56h56a8 8 0 0 1 8 8v48a8 8 0 0 1-8 8h-56v56a8 8 0 0 1-8 8h-48a8 8 0 0 1-8-8v-56h-56a8 8 0 0 1-8-8zm236.8 280H96c-19.2 0-32-12.8-32-32s16-32 32-32h284.8z\"><\/path><\/svg>\t\t\t<\/span>\n\t\t\t\t\t\t\t\t\t<span class=\"elementor-button-text\">Proyecto Gu\u00edas Cl\u00ednicas<\/span>\n\t\t\t\t\t<\/span>\n\t\t\t\t\t<\/a>\n\t\t\t\t\t\t\t\t<\/div>\n\t\t\t\t<div class=\"elementor-element elementor-element-321ab66 elementor-align-center elementor-widget elementor-widget-button\" data-id=\"321ab66\" data-element_type=\"widget\" data-e-type=\"widget\" data-widget_type=\"button.default\">\n\t\t\t\t\t\t\t\t\t\t<a class=\"elementor-button elementor-button-link elementor-size-sm elementor-animation-push\" href=\"https:\/\/www.svpediatria.org\/secciones\/comunidad\/articulos-para-la-familia\/\" target=\"_blank\">\n\t\t\t\t\t\t<span class=\"elementor-button-content-wrapper\">\n\t\t\t\t\t\t<span class=\"elementor-button-icon\">\n\t\t\t\t<svg aria-hidden=\"true\" class=\"e-font-icon-svg e-fas-users\" viewBox=\"0 0 640 512\" xmlns=\"http:\/\/www.w3.org\/2000\/svg\"><path d=\"M96 224c35.3 0 64-28.7 64-64s-28.7-64-64-64-64 28.7-64 64 28.7 64 64 64zm448 0c35.3 0 64-28.7 64-64s-28.7-64-64-64-64 28.7-64 64 28.7 64 64 64zm32 32h-64c-17.6 0-33.5 7.1-45.1 18.6 40.3 22.1 68.9 62 75.1 109.4h66c17.7 0 32-14.3 32-32v-32c0-35.3-28.7-64-64-64zm-256 0c61.9 0 112-50.1 112-112S381.9 32 320 32 208 82.1 208 144s50.1 112 112 112zm76.8 32h-8.3c-20.8 10-43.9 16-68.5 16s-47.6-6-68.5-16h-8.3C179.6 288 128 339.6 128 403.2V432c0 26.5 21.5 48 48 48h288c26.5 0 48-21.5 48-48v-28.8c0-63.6-51.6-115.2-115.2-115.2zm-223.7-13.4C161.5 263.1 145.6 256 128 256H64c-35.3 0-64 28.7-64 64v32c0 17.7 14.3 32 32 32h65.9c6.3-47.4 34.9-87.3 75.2-109.4z\"><\/path><\/svg>\t\t\t<\/span>\n\t\t\t\t\t\t\t\t\t<span class=\"elementor-button-text\">Padres de Familia<\/span>\n\t\t\t\t\t<\/span>\n\t\t\t\t\t<\/a>\n\t\t\t\t\t\t\t\t<\/div>\n\t\t\t\t<\/div>\n\t\t\t\t\t<\/div>\n\t\t\t\t<\/div>\n\t\t<div class=\"elementor-element elementor-element-b021661 e-grid e-con-boxed e-con e-parent\" data-id=\"b021661\" data-element_type=\"container\" data-e-type=\"container\">\n\t\t\t\t\t<div class=\"e-con-inner\">\n\t\t<div class=\"elementor-element elementor-element-4fbf1d6 e-grid e-con-full e-con e-child\" data-id=\"4fbf1d6\" data-element_type=\"container\" data-e-type=\"container\">\n\t\t\t\t<div class=\"elementor-element elementor-element-4a5bad6 elementor-align-center elementor-widget elementor-widget-button\" data-id=\"4a5bad6\" data-element_type=\"widget\" data-e-type=\"widget\" data-widget_type=\"button.default\">\n\t\t\t\t\t\t\t\t\t\t<a class=\"elementor-button elementor-button-link elementor-size-sm elementor-animation-push\" href=\"https:\/\/videoteca.svpediatria.org\/?page_id=624\">\n\t\t\t\t\t\t<span class=\"elementor-button-content-wrapper\">\n\t\t\t\t\t\t<span class=\"elementor-button-icon\">\n\t\t\t\t<svg aria-hidden=\"true\" class=\"e-font-icon-svg e-fas-arrow-circle-left\" viewBox=\"0 0 512 512\" xmlns=\"http:\/\/www.w3.org\/2000\/svg\"><path d=\"M256 504C119 504 8 393 8 256S119 8 256 8s248 111 248 248-111 248-248 248zm28.9-143.6L209.4 288H392c13.3 0 24-10.7 24-24v-16c0-13.3-10.7-24-24-24H209.4l75.5-72.4c9.7-9.3 9.9-24.8.4-34.3l-11-10.9c-9.4-9.4-24.6-9.4-33.9 0L107.7 239c-9.4 9.4-9.4 24.6 0 33.9l132.7 132.7c9.4 9.4 24.6 9.4 33.9 0l11-10.9c9.5-9.5 9.3-25-.4-34.3z\"><\/path><\/svg>\t\t\t<\/span>\n\t\t\t\t\t\t\t\t\t<span class=\"elementor-button-text\">Regresar<\/span>\n\t\t\t\t\t<\/span>\n\t\t\t\t\t<\/a>\n\t\t\t\t\t\t\t\t<\/div>\n\t\t\t\t<\/div>\n\t\t\t\t\t<\/div>\n\t\t\t\t<\/div>\n\t\t\t\t<\/div>\n\t\t","protected":false},"excerpt":{"rendered":"<p>\u00a0 \u00a0Neumonolog\u00eda Bronquiolitis Aguda A B C D E F G H I Autores Bibliograf\u00eda Descargar Gu\u00eda Definici\u00f3n Es la inflamaci\u00f3n aguda de las v\u00edas a\u00e9reas inferiores, de origen viral, que se presenta en ni\u00f1os menores de 2 a\u00f1os como primer episodio o en forma recurrente, caracterizada por taquipnea, sibilancias y\/o crepitantes con o sin&hellip;&nbsp;<a href=\"https:\/\/videoteca.svpediatria.org\/?page_id=766\" rel=\"bookmark\"><span class=\"screen-reader-text\">Neumonolog\u00eda<\/span><\/a><\/p>\n","protected":false},"author":1,"featured_media":0,"parent":0,"menu_order":0,"comment_status":"closed","ping_status":"closed","template":"page-templates\/template-pagebuilder-full-width.php","meta":{"neve_meta_sidebar":"","neve_meta_container":"","neve_meta_enable_content_width":"","neve_meta_content_width":0,"neve_meta_title_alignment":"","neve_meta_author_avatar":"","neve_post_elements_order":"","neve_meta_disable_header":"","neve_meta_disable_footer":"","neve_meta_disable_title":"","footnotes":""},"class_list":["post-766","page","type-page","status-publish","hentry"],"_links":{"self":[{"href":"https:\/\/videoteca.svpediatria.org\/index.php?rest_route=\/wp\/v2\/pages\/766","targetHints":{"allow":["GET"]}}],"collection":[{"href":"https:\/\/videoteca.svpediatria.org\/index.php?rest_route=\/wp\/v2\/pages"}],"about":[{"href":"https:\/\/videoteca.svpediatria.org\/index.php?rest_route=\/wp\/v2\/types\/page"}],"author":[{"embeddable":true,"href":"https:\/\/videoteca.svpediatria.org\/index.php?rest_route=\/wp\/v2\/users\/1"}],"replies":[{"embeddable":true,"href":"https:\/\/videoteca.svpediatria.org\/index.php?rest_route=%2Fwp%2Fv2%2Fcomments&post=766"}],"version-history":[{"count":184,"href":"https:\/\/videoteca.svpediatria.org\/index.php?rest_route=\/wp\/v2\/pages\/766\/revisions"}],"predecessor-version":[{"id":2105,"href":"https:\/\/videoteca.svpediatria.org\/index.php?rest_route=\/wp\/v2\/pages\/766\/revisions\/2105"}],"wp:attachment":[{"href":"https:\/\/videoteca.svpediatria.org\/index.php?rest_route=%2Fwp%2Fv2%2Fmedia&parent=766"}],"curies":[{"name":"wp","href":"https:\/\/api.w.org\/{rel}","templated":true}]}}